{"id":1686,"date":"2022-04-28T22:40:03","date_gmt":"2022-04-28T20:40:03","guid":{"rendered":"https:\/\/soluzioniwebdev.it\/leserre\/it\/?page_id=1686"},"modified":"2024-09-13T15:12:58","modified_gmt":"2024-09-13T13:12:58","slug":"zeroidee","status":"publish","type":"page","link":"https:\/\/cooperativapuntozero.it\/zeroidee\/","title":{"rendered":"Zeroidee"},"content":{"rendered":"<p><img src=\"\/wp-content\/uploads\/2022\/12\/SVG191222-ZeroIdee.svg\" alt=\"\"><\/p>\n<h1>\n<p style=\"font-weight: 400;line-height:45px;letter-spacing:-1px;margin:0;padding:0;\"> Zeroidee si occupa di ricerca artistica, sviluppo di contenuti, format creativi, installazioni e produzioni multimediali. Zeroidee \u00e8 un\u2019associazione di promozione sociale che connette artisti\/artiste, autori\/autrici, professionisti\/professioniste dei nuovi media.<\/p>\n<\/h1>\n<h3>\n<p style=\"font-weight: 400;line-height:35px;letter-spacing:-1px;margin:0;padding:0;\" class=\"fontBold\">Zeroidee \u00e8 un\u2019associazione di promozione sociale che connette artisti\/artiste, autori\/autrici, professionisti\/professioniste dei nuovi media. Zeroidee si occupa di ricerca artistica, sviluppo di contenuti, format creativi, installazioni e produzioni multimediali.<\/p>\n<\/h3>\n<p><img src=\"\/wp-content\/uploads\/2024\/09\/banner_zeroidee-scaled.jpg\" alt=\"\"><\/p>\n<h2>Progetti<\/h2>\n<h3>Progetti<\/h3>\n<div>\n<p>    <div class=\"webdev-cs-filter\"><script>var mifune_tipology = \"mifunetipology\"; var mifune_tipology_def = \"mifunetipology\";<\/script><script>mifune_tipology_def = mifune_tipology_def + \" arte-multimediale\";<\/script>\n        <span class=\"webdev-checker-box\">\n            <span class=\"checker\" id=\"mifune-tipology-btn-arte-multimediale\"><\/span>\n            <span class=\"label\" id=\"mifune-tipology-txt-arte-multimediale\">Arte Multimediale<\/span>\n        <\/span><script>\n            jQuery(\"#mifune-tipology-btn-arte-multimediale\").click(function(){\n                jQuery(this).toggleClass(\"chActive\");\n                \/\/ jQuery(\"#mifune-tipology-txt-arte-multimediale\").toggleClass(\"chThrough\");\n                if(mifune_tipology.indexOf(\"arte-multimediale\") != -1){ mifune_tipology = mifune_tipology.replace(\" arte-multimediale\", \"\"); }\n                else { mifune_tipology = mifune_tipology + \" arte-multimediale\"; }\n                MifuneFilterTipology(mifune_tipology);\n            });\n            jQuery(\"#mifune-tipology-txt-arte-multimediale\").click(function(){\n                \/\/ jQuery(this).toggleClass(\"chThrough\");\n                jQuery(\"#mifune-tipology-btn-arte-multimediale\").toggleClass(\"chActive\");\n                if(mifune_tipology.indexOf(\"arte-multimediale\") != -1){ mifune_tipology = mifune_tipology.replace(\" arte-multimediale\", \"\"); }\n                else { mifune_tipology = mifune_tipology + \" arte-multimediale\"; }\n                MifuneFilterTipology(mifune_tipology);\n            });\n        <\/script><script>mifune_tipology_def = mifune_tipology_def + \" arte-performativa\";<\/script>\n        <span class=\"webdev-checker-box\">\n            <span class=\"checker\" id=\"mifune-tipology-btn-arte-performativa\"><\/span>\n            <span class=\"label\" id=\"mifune-tipology-txt-arte-performativa\">Arte performativa<\/span>\n        <\/span><script>\n            jQuery(\"#mifune-tipology-btn-arte-performativa\").click(function(){\n                jQuery(this).toggleClass(\"chActive\");\n                \/\/ jQuery(\"#mifune-tipology-txt-arte-performativa\").toggleClass(\"chThrough\");\n                if(mifune_tipology.indexOf(\"arte-performativa\") != -1){ mifune_tipology = mifune_tipology.replace(\" arte-performativa\", \"\"); }\n                else { mifune_tipology = mifune_tipology + \" arte-performativa\"; }\n                MifuneFilterTipology(mifune_tipology);\n            });\n            jQuery(\"#mifune-tipology-txt-arte-performativa\").click(function(){\n                \/\/ jQuery(this).toggleClass(\"chThrough\");\n                jQuery(\"#mifune-tipology-btn-arte-performativa\").toggleClass(\"chActive\");\n                if(mifune_tipology.indexOf(\"arte-performativa\") != -1){ mifune_tipology = mifune_tipology.replace(\" arte-performativa\", \"\"); }\n                else { mifune_tipology = mifune_tipology + \" arte-performativa\"; }\n                MifuneFilterTipology(mifune_tipology);\n            });\n        <\/script><script>mifune_tipology_def = mifune_tipology_def + \" comunita\";<\/script>\n        <span class=\"webdev-checker-box\">\n            <span class=\"checker\" id=\"mifune-tipology-btn-comunita\"><\/span>\n            <span class=\"label\" id=\"mifune-tipology-txt-comunita\">Comunit\u00e0<\/span>\n        <\/span><script>\n            jQuery(\"#mifune-tipology-btn-comunita\").click(function(){\n                jQuery(this).toggleClass(\"chActive\");\n                \/\/ jQuery(\"#mifune-tipology-txt-comunita\").toggleClass(\"chThrough\");\n                if(mifune_tipology.indexOf(\"comunita\") != -1){ mifune_tipology = mifune_tipology.replace(\" comunita\", \"\"); }\n                else { mifune_tipology = mifune_tipology + \" comunita\"; }\n                MifuneFilterTipology(mifune_tipology);\n            });\n            jQuery(\"#mifune-tipology-txt-comunita\").click(function(){\n                \/\/ jQuery(this).toggleClass(\"chThrough\");\n                jQuery(\"#mifune-tipology-btn-comunita\").toggleClass(\"chActive\");\n                if(mifune_tipology.indexOf(\"comunita\") != -1){ mifune_tipology = mifune_tipology.replace(\" comunita\", \"\"); }\n                else { mifune_tipology = mifune_tipology + \" comunita\"; }\n                MifuneFilterTipology(mifune_tipology);\n            });\n        <\/script><script>mifune_tipology_def = mifune_tipology_def + \" consulenza\";<\/script>\n        <span class=\"webdev-checker-box\">\n            <span class=\"checker\" id=\"mifune-tipology-btn-consulenza\"><\/span>\n            <span class=\"label\" id=\"mifune-tipology-txt-consulenza\">Consulenza<\/span>\n        <\/span><script>\n            jQuery(\"#mifune-tipology-btn-consulenza\").click(function(){\n                jQuery(this).toggleClass(\"chActive\");\n                \/\/ jQuery(\"#mifune-tipology-txt-consulenza\").toggleClass(\"chThrough\");\n                if(mifune_tipology.indexOf(\"consulenza\") != -1){ mifune_tipology = mifune_tipology.replace(\" consulenza\", \"\"); }\n                else { mifune_tipology = mifune_tipology + \" consulenza\"; }\n                MifuneFilterTipology(mifune_tipology);\n            });\n            jQuery(\"#mifune-tipology-txt-consulenza\").click(function(){\n                \/\/ jQuery(this).toggleClass(\"chThrough\");\n                jQuery(\"#mifune-tipology-btn-consulenza\").toggleClass(\"chActive\");\n                if(mifune_tipology.indexOf(\"consulenza\") != -1){ mifune_tipology = mifune_tipology.replace(\" consulenza\", \"\"); }\n                else { mifune_tipology = mifune_tipology + \" consulenza\"; }\n                MifuneFilterTipology(mifune_tipology);\n            });\n        <\/script><script>mifune_tipology_def = mifune_tipology_def + \" direzione-creativa\";<\/script>\n        <span class=\"webdev-checker-box\">\n            <span class=\"checker\" id=\"mifune-tipology-btn-direzione-creativa\"><\/span>\n            <span class=\"label\" id=\"mifune-tipology-txt-direzione-creativa\">Direzione creativa<\/span>\n        <\/span><script>\n            jQuery(\"#mifune-tipology-btn-direzione-creativa\").click(function(){\n                jQuery(this).toggleClass(\"chActive\");\n                \/\/ jQuery(\"#mifune-tipology-txt-direzione-creativa\").toggleClass(\"chThrough\");\n                if(mifune_tipology.indexOf(\"direzione-creativa\") != -1){ mifune_tipology = mifune_tipology.replace(\" direzione-creativa\", \"\"); }\n                else { mifune_tipology = mifune_tipology + \" direzione-creativa\"; }\n                MifuneFilterTipology(mifune_tipology);\n            });\n            jQuery(\"#mifune-tipology-txt-direzione-creativa\").click(function(){\n                \/\/ jQuery(this).toggleClass(\"chThrough\");\n                jQuery(\"#mifune-tipology-btn-direzione-creativa\").toggleClass(\"chActive\");\n                if(mifune_tipology.indexOf(\"direzione-creativa\") != -1){ mifune_tipology = mifune_tipology.replace(\" direzione-creativa\", \"\"); }\n                else { mifune_tipology = mifune_tipology + \" direzione-creativa\"; }\n                MifuneFilterTipology(mifune_tipology);\n            });\n        <\/script><script>mifune_tipology_def = mifune_tipology_def + \" eventi\";<\/script>\n        <span class=\"webdev-checker-box\">\n            <span class=\"checker\" id=\"mifune-tipology-btn-eventi\"><\/span>\n            <span class=\"label\" id=\"mifune-tipology-txt-eventi\">Eventi<\/span>\n        <\/span><script>\n            jQuery(\"#mifune-tipology-btn-eventi\").click(function(){\n                jQuery(this).toggleClass(\"chActive\");\n                \/\/ jQuery(\"#mifune-tipology-txt-eventi\").toggleClass(\"chThrough\");\n                if(mifune_tipology.indexOf(\"eventi\") != -1){ mifune_tipology = mifune_tipology.replace(\" eventi\", \"\"); }\n                else { mifune_tipology = mifune_tipology + \" eventi\"; }\n                MifuneFilterTipology(mifune_tipology);\n            });\n            jQuery(\"#mifune-tipology-txt-eventi\").click(function(){\n                \/\/ jQuery(this).toggleClass(\"chThrough\");\n                jQuery(\"#mifune-tipology-btn-eventi\").toggleClass(\"chActive\");\n                if(mifune_tipology.indexOf(\"eventi\") != -1){ mifune_tipology = mifune_tipology.replace(\" eventi\", \"\"); }\n                else { mifune_tipology = mifune_tipology + \" eventi\"; }\n                MifuneFilterTipology(mifune_tipology);\n            });\n        <\/script><script>mifune_tipology_def = mifune_tipology_def + \" laboratori\";<\/script>\n        <span class=\"webdev-checker-box\">\n            <span class=\"checker\" id=\"mifune-tipology-btn-laboratori\"><\/span>\n            <span class=\"label\" id=\"mifune-tipology-txt-laboratori\">Laboratori<\/span>\n        <\/span><script>\n            jQuery(\"#mifune-tipology-btn-laboratori\").click(function(){\n                jQuery(this).toggleClass(\"chActive\");\n                \/\/ jQuery(\"#mifune-tipology-txt-laboratori\").toggleClass(\"chThrough\");\n                if(mifune_tipology.indexOf(\"laboratori\") != -1){ mifune_tipology = mifune_tipology.replace(\" laboratori\", \"\"); }\n                else { mifune_tipology = mifune_tipology + \" laboratori\"; }\n                MifuneFilterTipology(mifune_tipology);\n            });\n            jQuery(\"#mifune-tipology-txt-laboratori\").click(function(){\n                \/\/ jQuery(this).toggleClass(\"chThrough\");\n                jQuery(\"#mifune-tipology-btn-laboratori\").toggleClass(\"chActive\");\n                if(mifune_tipology.indexOf(\"laboratori\") != -1){ mifune_tipology = mifune_tipology.replace(\" laboratori\", \"\"); }\n                else { mifune_tipology = mifune_tipology + \" laboratori\"; }\n                MifuneFilterTipology(mifune_tipology);\n            });\n        <\/script><script>mifune_tipology_def = mifune_tipology_def + \" management\";<\/script>\n        <span class=\"webdev-checker-box\">\n            <span class=\"checker\" id=\"mifune-tipology-btn-management\"><\/span>\n            <span class=\"label\" id=\"mifune-tipology-txt-management\">Management<\/span>\n        <\/span><script>\n            jQuery(\"#mifune-tipology-btn-management\").click(function(){\n                jQuery(this).toggleClass(\"chActive\");\n                \/\/ jQuery(\"#mifune-tipology-txt-management\").toggleClass(\"chThrough\");\n                if(mifune_tipology.indexOf(\"management\") != -1){ mifune_tipology = mifune_tipology.replace(\" management\", \"\"); }\n                else { mifune_tipology = mifune_tipology + \" management\"; }\n                MifuneFilterTipology(mifune_tipology);\n            });\n            jQuery(\"#mifune-tipology-txt-management\").click(function(){\n                \/\/ jQuery(this).toggleClass(\"chThrough\");\n                jQuery(\"#mifune-tipology-btn-management\").toggleClass(\"chActive\");\n                if(mifune_tipology.indexOf(\"management\") != -1){ mifune_tipology = mifune_tipology.replace(\" management\", \"\"); }\n                else { mifune_tipology = mifune_tipology + \" management\"; }\n                MifuneFilterTipology(mifune_tipology);\n            });\n        <\/script><\/div><br \/>\n<script>console.log(\"Mifune Grid designed by Alex Duca for Le(Serre\")<\/script><div class=\"webdev-grid\">\n            <div class=\"rows rwheader\">\n                <div class=\"cols col3-1 sgrid-desk\">Progetto<\/div>\n                <div class=\"cols col3-1 sgrid-desk\">Anno<\/div>\n                <div class=\"cols col3-1 sgrid-desk\">Area di riferimento<\/div>\n                <div class=\"cols col3-3 sgrid-mobi\">Progetti<\/div>\n            <\/div><div class=\"tipology artemultimediale comunita direzionecreativa\"><div class=\"rows rwbord\" id=\"wdAccBtn3793\">\n                <div class=\"cols col3-1 coltxtct sgrid-desk\">PORTAMI AL LAVORO<\/div>\n                <div class=\"cols col3-1 coltxtct sgrid-desk\">2024<\/div>\n                <div class=\"cols col3-1 coltxtct sgrid-desk lihe20px\">Arte Multimediale, Comunit\u00e0, Direzione creativa<\/div>\n                <div class=\"cols col3-3 sgrid-mobi lihe22px\">\n                    <b>PORTAMI AL LAVORO<\/b><br>\n                    Anno di pubblicazione: <b>2024<\/b><br>\n                    Area di riferimento: <b>Arte Multimediale, Comunit\u00e0, Direzione creativa<\/b>\n                <\/div>\n            <\/div><div class=\"rows wdAccSecGen hide\" id=\"wdAccSec3793\">\n                <div class=\"cols col3-2 sgrid-desk\">\n                    <div class=\"wdAccImgBox\">\n                        <img src=\"https:\/\/cooperativapuntozero.it\/wp-content\/uploads\/2025\/01\/portami-al-lavoro.png\" id=\"wdReMoImg3793\">\n                    <\/div>\n                <\/div>\n                <div class=\"cols col3-1 sgrid-desk fontRem09\">\n                    <div class=\"wdReMoBox\" id=\"wdReMoBox3793\">\n                        <span id=\"wdReMoTxt3793\" class=\"lihe20px\">\n<p>Di certo capita, almeno una volta nella vita, di dover rispondere alla domanda: \u201cMa che lavoro fai?\u201d  Cosa sappiamo rispondere quando a chiederci che lavoro facciamo sono proprio i nostri figli? E cosa colgono della spiegazione che diamo loro del nostro lavoro?  \u201cPortami al lavoro\u201d \u00e8 stato un laboratorio di narrazione fotografica che ha portato i figli ad esplorare e interpretare gli ambienti lavorativi dei genitori. Le attivit\u00e0 proposte durante i laboratori hanno favorito la sperimentazione di diversi linguaggi, tra cui la fotografia, lo storytelling e la registrazione audio usando gli spazi di lavoro dell\u2019azienda come territorio esplorativo. Il progetto si conclude con una mostra fotografica, un ciclo di incontri nelle scuole e la realizzazione di un libro.<br> L\u2019idea \u00e8 stata sviluppata in collaborazione con SBE-VARVIT (Monfalcone), azienda leader nella produzione di viti, dadi e bulloni. In un\u2019azienda di questo settore, dove la componente competitiva tecnologica \u00e8 fondamentale, non si poteva intervenire sul miglioramento del prodotto. Si \u00e8 potuto per\u00f2 aprire un dialogo intergenerazionale, portando un punto di vista differente sulla componente umana e relazionale all\u2019interno della vita lavorativa.<br> Coordinamento laboratori: Marina Rosso, Giovanni Chiarot<br> Grafica: Cecilia Cappelli<br> Con il contributo di Regione Friuli Venezia Giulia<br> In collaborazione con SBE-VARVIT Spa, Associazione Altrememorie, Gruppo Immagine, Media Educazione e Comunit\u00e0, Bekko Aps <\/p>\n\n\n\n<p><a href=\"https:\/\/leserre.co\/wp-content\/uploads\/2025\/01\/Libro-ITA.pdf\" target=\"_blank\" rel=\"noreferrer noopener\">SCARICA IL LIBRO IN ITA<\/a><\/p>\n\n\n\n<p><a href=\"https:\/\/leserre.co\/wp-content\/uploads\/2025\/01\/Libro-ENG.pdf\" target=\"_blank\" rel=\"noreferrer noopener\">SCARICA IL LIBRO ENG<\/a><\/p>\n\n\n\n<p><a href=\"https:\/\/vimeo.com\/1033406077\" target=\"_blank\" rel=\"noreferrer noopener\">GUARDA IL VIDEO RACCONTO <\/a><\/p>\n<\/span>\n                    <\/div>\n                <\/div>\n                <div class=\"cols col4-4 sgrid-mobi fontRem08 lihe20px\">\n<p>Di certo capita, almeno una volta nella vita, di dover rispondere alla domanda: \u201cMa che lavoro fai?\u201d  Cosa sappiamo rispondere quando a chiederci che lavoro facciamo sono proprio i nostri figli? E cosa colgono della spiegazione che diamo loro del nostro lavoro?  \u201cPortami al lavoro\u201d \u00e8 stato un laboratorio di narrazione fotografica che ha portato i figli ad esplorare e interpretare gli ambienti lavorativi dei genitori. Le attivit\u00e0 proposte durante i laboratori hanno favorito la sperimentazione di diversi linguaggi, tra cui la fotografia, lo storytelling e la registrazione audio usando gli spazi di lavoro dell\u2019azienda come territorio esplorativo. Il progetto si conclude con una mostra fotografica, un ciclo di incontri nelle scuole e la realizzazione di un libro.<br> L\u2019idea \u00e8 stata sviluppata in collaborazione con SBE-VARVIT (Monfalcone), azienda leader nella produzione di viti, dadi e bulloni. In un\u2019azienda di questo settore, dove la componente competitiva tecnologica \u00e8 fondamentale, non si poteva intervenire sul miglioramento del prodotto. Si \u00e8 potuto per\u00f2 aprire un dialogo intergenerazionale, portando un punto di vista differente sulla componente umana e relazionale all\u2019interno della vita lavorativa.<br> Coordinamento laboratori: Marina Rosso, Giovanni Chiarot<br> Grafica: Cecilia Cappelli<br> Con il contributo di Regione Friuli Venezia Giulia<br> In collaborazione con SBE-VARVIT Spa, Associazione Altrememorie, Gruppo Immagine, Media Educazione e Comunit\u00e0, Bekko Aps <\/p>\n\n\n\n<p><a href=\"https:\/\/leserre.co\/wp-content\/uploads\/2025\/01\/Libro-ITA.pdf\" target=\"_blank\" rel=\"noreferrer noopener\">SCARICA IL LIBRO IN ITA<\/a><\/p>\n\n\n\n<p><a href=\"https:\/\/leserre.co\/wp-content\/uploads\/2025\/01\/Libro-ENG.pdf\" target=\"_blank\" rel=\"noreferrer noopener\">SCARICA IL LIBRO ENG<\/a><\/p>\n\n\n\n<p><a href=\"https:\/\/vimeo.com\/1033406077\" target=\"_blank\" rel=\"noreferrer noopener\">GUARDA IL VIDEO RACCONTO <\/a><\/p>\n\n                    <div class=\"wdAccImgBox\">\n                        <img src=\"https:\/\/cooperativapuntozero.it\/wp-content\/uploads\/2025\/01\/portami-al-lavoro.png\">\n                    <\/div>\n                <\/div>\n            <\/div>\n        <\/div><script>\n        jQuery(\"#wdAccBtn3793\").click(function() {\n            if( jQuery(\"#wdAccSec3793\").hasClass(\"hide\") == true){\n                jQuery(\".wdAccSecGen\").addClass(\"hide\");\n                var wnds = jQuery(\"#wdAccBtn3793\").position();\n                var wnda = parseInt(wnds.top) - 25;\n                jQuery(\"html\").animate({ scrollTop: wnda }, \"slow\");\n            }\n            jQuery(\"#wdAccSec3793\").toggleClass(\"hide\");\n        });\n        <\/script><div class=\"tipology artemultimediale comunita eventi laboratori\"><div class=\"rows rwbord\" id=\"wdAccBtn3987\">\n                <div class=\"cols col3-1 coltxtct sgrid-desk\">LE SERRE SPAZIO CULTURALE<\/div>\n                <div class=\"cols col3-1 coltxtct sgrid-desk\">2024<\/div>\n                <div class=\"cols col3-1 coltxtct sgrid-desk lihe20px\">Arte Multimediale, Comunit\u00e0, Eventi, Laboratori<\/div>\n                <div class=\"cols col3-3 sgrid-mobi lihe22px\">\n                    <b>LE SERRE SPAZIO CULTURALE<\/b><br>\n                    Anno di pubblicazione: <b>2024<\/b><br>\n                    Area di riferimento: <b>Arte Multimediale, Comunit\u00e0, Eventi, Laboratori<\/b>\n                <\/div>\n            <\/div><div class=\"rows wdAccSecGen hide\" id=\"wdAccSec3987\">\n                <div class=\"cols col3-2 sgrid-desk\">\n                    <div class=\"wdAccImgBox\">\n                        <img src=\"https:\/\/cooperativapuntozero.it\/wp-content\/uploads\/2024\/10\/\u00a9pz_inaugurazioneLSweb_029.jpg\" id=\"wdReMoImg3987\">\n                    <\/div>\n                <\/div>\n                <div class=\"cols col3-1 sgrid-desk fontRem09\">\n                    <div class=\"wdReMoBox\" id=\"wdReMoBox3987\">\n                        <span id=\"wdReMoTxt3987\" class=\"lihe20px\">\n<p>\u201cLe Serre\u201d \u00e8 uno spazio in cui la produzione creativa incontra la comunit\u00e0 e l\u2019innovazione sociale, dove la dimensione di sperimentazione artistica si intreccia con quella della progettazione sociale e dello scambio di saperi ed esperienze. <br> Lo spazio \u00e8 un edificio industriale degli anni \u201950, una ex-falegnameria. Dopo un processo di rigenerazione \u00e8 nato uno spazio culturale.<br> Gli obiettivi che ci siamo dati sono:<br> Ristrutturazione dello spazio: dare vita ad uno spazio di produzione culturale che ospiti attivit\u00e0 dell\u2019ambito delle arti multimediali, sfruttando l\u2019opportunit\u00e0 di operare in un contesto periferico a vocazione produttiva e artigianale.<br> L\u2019innovazione sociale: attrezzare e gestire lo spazio per ospitare percorsi di aggregazione sul territorio, fornendo un contesto creativo dove sviluppare anche azioni di inclusione sociale.<br> La formazione: attrezzare e gestire lo spazio per ospitare percorsi di formazione e professionalizzazione nell\u2019ambito della produzione culturale. Sviluppare una programmazione pilota di residenze artistiche, laboratori e convegni.<br> Digitalizzazione degli operatori\/operatrici: dotare lo spazio di attrezzature adeguate allo sviluppo di produzioni multimediali, offrendo ad artisti\/e e operatori\/operatrici la possibilit\u00e0 di usufruire di strumentazioni e tecnologie avanzate.<br> Network europeo: lo spazio \u00e8 all\u2019interno di un network europeo, attraverso i progetti culturali internazionali di cui fa parte.<\/p>\n\n\n\n<p><a href=\"https:\/\/leserre.co\/wp-content\/uploads\/2024\/10\/Aggiungi-un-titolo-2.png\" target=\"_blank\" rel=\"noreferrer noopener\">Contributo PR FESR FVG 200000,00 EURO di cui UE 40%<\/a><\/p>\n<\/span>\n                    <\/div>\n                <\/div>\n                <div class=\"cols col4-4 sgrid-mobi fontRem08 lihe20px\">\n<p>\u201cLe Serre\u201d \u00e8 uno spazio in cui la produzione creativa incontra la comunit\u00e0 e l\u2019innovazione sociale, dove la dimensione di sperimentazione artistica si intreccia con quella della progettazione sociale e dello scambio di saperi ed esperienze. <br> Lo spazio \u00e8 un edificio industriale degli anni \u201950, una ex-falegnameria. Dopo un processo di rigenerazione \u00e8 nato uno spazio culturale.<br> Gli obiettivi che ci siamo dati sono:<br> Ristrutturazione dello spazio: dare vita ad uno spazio di produzione culturale che ospiti attivit\u00e0 dell\u2019ambito delle arti multimediali, sfruttando l\u2019opportunit\u00e0 di operare in un contesto periferico a vocazione produttiva e artigianale.<br> L\u2019innovazione sociale: attrezzare e gestire lo spazio per ospitare percorsi di aggregazione sul territorio, fornendo un contesto creativo dove sviluppare anche azioni di inclusione sociale.<br> La formazione: attrezzare e gestire lo spazio per ospitare percorsi di formazione e professionalizzazione nell\u2019ambito della produzione culturale. Sviluppare una programmazione pilota di residenze artistiche, laboratori e convegni.<br> Digitalizzazione degli operatori\/operatrici: dotare lo spazio di attrezzature adeguate allo sviluppo di produzioni multimediali, offrendo ad artisti\/e e operatori\/operatrici la possibilit\u00e0 di usufruire di strumentazioni e tecnologie avanzate.<br> Network europeo: lo spazio \u00e8 all\u2019interno di un network europeo, attraverso i progetti culturali internazionali di cui fa parte.<\/p>\n\n\n\n<p><a href=\"https:\/\/leserre.co\/wp-content\/uploads\/2024\/10\/Aggiungi-un-titolo-2.png\" target=\"_blank\" rel=\"noreferrer noopener\">Contributo PR FESR FVG 200000,00 EURO di cui UE 40%<\/a><\/p>\n\n                    <div class=\"wdAccImgBox\">\n                        <img src=\"https:\/\/cooperativapuntozero.it\/wp-content\/uploads\/2024\/10\/\u00a9pz_inaugurazioneLSweb_029.jpg\">\n                    <\/div>\n                <\/div>\n            <\/div>\n        <\/div><script>\n        jQuery(\"#wdAccBtn3987\").click(function() {\n            if( jQuery(\"#wdAccSec3987\").hasClass(\"hide\") == true){\n                jQuery(\".wdAccSecGen\").addClass(\"hide\");\n                var wnds = jQuery(\"#wdAccBtn3987\").position();\n                var wnda = parseInt(wnds.top) - 25;\n                jQuery(\"html\").animate({ scrollTop: wnda }, \"slow\");\n            }\n            jQuery(\"#wdAccSec3987\").toggleClass(\"hide\");\n        });\n        <\/script><div class=\"tipology artemultimediale arteperformativa direzionecreativa management\"><div class=\"rows rwbord\" id=\"wdAccBtn3643\">\n                <div class=\"cols col3-1 coltxtct sgrid-desk\">LA SCOMPARSA DI GIORGIO P.<\/div>\n                <div class=\"cols col3-1 coltxtct sgrid-desk\">2023<\/div>\n                <div class=\"cols col3-1 coltxtct sgrid-desk lihe20px\">Arte Multimediale, Arte performativa, Direzione creativa, Management<\/div>\n                <div class=\"cols col3-3 sgrid-mobi lihe22px\">\n                    <b>LA SCOMPARSA DI GIORGIO P.<\/b><br>\n                    Anno di pubblicazione: <b>2023<\/b><br>\n                    Area di riferimento: <b>Arte Multimediale, Arte performativa, Direzione creativa, Management<\/b>\n                <\/div>\n            <\/div><div class=\"rows wdAccSecGen hide\" id=\"wdAccSec3643\">\n                <div class=\"cols col3-2 sgrid-desk\">\n                    <div class=\"wdAccImgBox\">\n                        <img src=\"https:\/\/cooperativapuntozero.it\/wp-content\/uploads\/2023\/08\/La-scomparsa-di-Giorgio-P-14-1.jpg\" id=\"wdReMoImg3643\">\n                    <\/div>\n                <\/div>\n                <div class=\"cols col3-1 sgrid-desk fontRem09\">\n                    <div class=\"wdReMoBox\" id=\"wdReMoBox3643\">\n                        <span id=\"wdReMoTxt3643\" class=\"lihe20px\">\n<p>Esperienza multimediale della durata di 45 minuti.<br>\nTre amici d\u2019infanzia, la scoperta di un lutto, un percorso attraverso il cimitero lungo le tracce di un\u2019amicizia lontana. <br>\nNon si tratta di uno spettacolo ma di un\u2019esperienza immersiva e itinerante che vivi in prima persona. Attraverso i messaggi che ricevi tramite WhatsApp, sei invitato a spostarti nella citt\u00e0, in particolare all\u2019interno del cimitero, per vivere una storia e scoprirne gli sviluppi. <br>\nUn\u2019esperienza solitaria, in cui ogni partecipante parte singolarmente.\n<p>\nUna produzione di: Zeroidee aps<br>\nDi Giovanni Chiarot, Matteo Carli e Sandro Pivotti<br>\nSupporto tecnico di: Alberto Duca e Alex Duca<br>\nCon il contributo di: Regione Friuli Venezia Giulia<br>\nSviluppata nell\u2019ambito del progetto Le Serre <br>\nFoto di Bartolomeo Rossi\n<\/p>\n<\/span>\n                    <\/div>\n                <\/div>\n                <div class=\"cols col4-4 sgrid-mobi fontRem08 lihe20px\">\n<p>Esperienza multimediale della durata di 45 minuti.<br>\nTre amici d\u2019infanzia, la scoperta di un lutto, un percorso attraverso il cimitero lungo le tracce di un\u2019amicizia lontana. <br>\nNon si tratta di uno spettacolo ma di un\u2019esperienza immersiva e itinerante che vivi in prima persona. Attraverso i messaggi che ricevi tramite WhatsApp, sei invitato a spostarti nella citt\u00e0, in particolare all\u2019interno del cimitero, per vivere una storia e scoprirne gli sviluppi. <br>\nUn\u2019esperienza solitaria, in cui ogni partecipante parte singolarmente.\n<p>\nUna produzione di: Zeroidee aps<br>\nDi Giovanni Chiarot, Matteo Carli e Sandro Pivotti<br>\nSupporto tecnico di: Alberto Duca e Alex Duca<br>\nCon il contributo di: Regione Friuli Venezia Giulia<br>\nSviluppata nell\u2019ambito del progetto Le Serre <br>\nFoto di Bartolomeo Rossi\n<\/p>\n\n                    <div class=\"wdAccImgBox\">\n                        <img src=\"https:\/\/cooperativapuntozero.it\/wp-content\/uploads\/2023\/08\/La-scomparsa-di-Giorgio-P-14-1.jpg\">\n                    <\/div>\n                <\/div>\n            <\/div>\n        <\/div><script>\n        jQuery(\"#wdAccBtn3643\").click(function() {\n            if( jQuery(\"#wdAccSec3643\").hasClass(\"hide\") == true){\n                jQuery(\".wdAccSecGen\").addClass(\"hide\");\n                var wnds = jQuery(\"#wdAccBtn3643\").position();\n                var wnda = parseInt(wnds.top) - 25;\n                jQuery(\"html\").animate({ scrollTop: wnda }, \"slow\");\n            }\n            jQuery(\"#wdAccSec3643\").toggleClass(\"hide\");\n        });\n        <\/script><div class=\"tipology artemultimediale arteperformativa direzionecreativa eventi laboratori management\"><div class=\"rows rwbord\" id=\"wdAccBtn3262\">\n                <div class=\"cols col3-1 coltxtct sgrid-desk\">MOBILIT\u00c0 CREATIVE<\/div>\n                <div class=\"cols col3-1 coltxtct sgrid-desk\">2022-2023<\/div>\n                <div class=\"cols col3-1 coltxtct sgrid-desk lihe20px\">Arte Multimediale, Arte performativa, Direzione creativa, Eventi, Laboratori, Management<\/div>\n                <div class=\"cols col3-3 sgrid-mobi lihe22px\">\n                    <b>MOBILIT\u00c0 CREATIVE<\/b><br>\n                    Anno di pubblicazione: <b>2022-2023<\/b><br>\n                    Area di riferimento: <b>Arte Multimediale, Arte performativa, Direzione creativa, Eventi, Laboratori, Management<\/b>\n                <\/div>\n            <\/div><div class=\"rows wdAccSecGen hide\" id=\"wdAccSec3262\">\n                <div class=\"cols col3-2 sgrid-desk\">\n                    <div class=\"wdAccImgBox\">\n                        <img src=\"https:\/\/cooperativapuntozero.it\/wp-content\/uploads\/2023\/04\/IMG_3731_Bartolomeo-Rossi.jpg\" id=\"wdReMoImg3262\">\n                    <\/div>\n                <\/div>\n                <div class=\"cols col3-1 sgrid-desk fontRem09\">\n                    <div class=\"wdReMoBox\" id=\"wdReMoBox3262\">\n                        <span id=\"wdReMoTxt3262\" class=\"lihe20px\">\n<p>Mobilit\u00e0 Creative \u00e8 una rassegna d\u2019arte performativa e multimediale che esce dai teatri, dalle gallerie d\u2019arte e dai musei per andare ad animare le vie, le piazze e le linee dei trasporti pubblici urbani, promuovendo diversi approcci artistici e nuove forme di mobilit\u00e0 sostenibile.<br>\nLa rassegna comprende una serie di laboratori, performance, spettacoli, residenze artistiche e contenuti digitali. <br>\nIn particolare Audiobus, un viaggio straordinario che si sviluppa sugli autobus urbani. Artisti e artiste rileggono gli spazi pubblici in modo inedito, coinvolgendo ogni volta diverse fasce della popolazione attraverso una serie di laboratori, per poi elaborare una narrazione sonora che guida i cittadini e le cittadine in un viaggio a dir poco sorprendente, alla scoperta di una citt\u00e0 nascosta.\n<\/p>\nUn progetto di Zeroidee Aps<br>\nIn collaborazione con Quarantasettezeroquattro, ROR festival, Circo all&#8217;inCirca, DNA Danza, Teatro degli Sterpi, Cas&#8217;Aupa, IC Udine 2 <br>\nCon il contributo di Regione Friuli Venezia Giulia<br>\nFoto di Bartolomeo Rossi <\/p>\n<\/span>\n                    <\/div>\n                <\/div>\n                <div class=\"cols col4-4 sgrid-mobi fontRem08 lihe20px\">\n<p>Mobilit\u00e0 Creative \u00e8 una rassegna d\u2019arte performativa e multimediale che esce dai teatri, dalle gallerie d\u2019arte e dai musei per andare ad animare le vie, le piazze e le linee dei trasporti pubblici urbani, promuovendo diversi approcci artistici e nuove forme di mobilit\u00e0 sostenibile.<br>\nLa rassegna comprende una serie di laboratori, performance, spettacoli, residenze artistiche e contenuti digitali. <br>\nIn particolare Audiobus, un viaggio straordinario che si sviluppa sugli autobus urbani. Artisti e artiste rileggono gli spazi pubblici in modo inedito, coinvolgendo ogni volta diverse fasce della popolazione attraverso una serie di laboratori, per poi elaborare una narrazione sonora che guida i cittadini e le cittadine in un viaggio a dir poco sorprendente, alla scoperta di una citt\u00e0 nascosta.\n<\/p>\nUn progetto di Zeroidee Aps<br>\nIn collaborazione con Quarantasettezeroquattro, ROR festival, Circo all&#8217;inCirca, DNA Danza, Teatro degli Sterpi, Cas&#8217;Aupa, IC Udine 2 <br>\nCon il contributo di Regione Friuli Venezia Giulia<br>\nFoto di Bartolomeo Rossi <\/p>\n\n                    <div class=\"wdAccImgBox\">\n                        <img src=\"https:\/\/cooperativapuntozero.it\/wp-content\/uploads\/2023\/04\/IMG_3731_Bartolomeo-Rossi.jpg\">\n                    <\/div>\n                <\/div>\n            <\/div>\n        <\/div><script>\n        jQuery(\"#wdAccBtn3262\").click(function() {\n            if( jQuery(\"#wdAccSec3262\").hasClass(\"hide\") == true){\n                jQuery(\".wdAccSecGen\").addClass(\"hide\");\n                var wnds = jQuery(\"#wdAccBtn3262\").position();\n                var wnda = parseInt(wnds.top) - 25;\n                jQuery(\"html\").animate({ scrollTop: wnda }, \"slow\");\n            }\n            jQuery(\"#wdAccSec3262\").toggleClass(\"hide\");\n        });\n        <\/script><div class=\"tipology artemultimediale arteperformativa direzionecreativa eventi management\"><div class=\"rows rwbord\" id=\"wdAccBtn1818\">\n                <div class=\"cols col3-1 coltxtct sgrid-desk\">AUDIOBUS<\/div>\n                <div class=\"cols col3-1 coltxtct sgrid-desk\">2017-2023<\/div>\n                <div class=\"cols col3-1 coltxtct sgrid-desk lihe20px\">Arte Multimediale, Arte performativa, Direzione creativa, Eventi, Management<\/div>\n                <div class=\"cols col3-3 sgrid-mobi lihe22px\">\n                    <b>AUDIOBUS<\/b><br>\n                    Anno di pubblicazione: <b>2017-2023<\/b><br>\n                    Area di riferimento: <b>Arte Multimediale, Arte performativa, Direzione creativa, Eventi, Management<\/b>\n                <\/div>\n            <\/div><div class=\"rows wdAccSecGen hide\" id=\"wdAccSec1818\">\n                <div class=\"cols col3-2 sgrid-desk\">\n                    <div class=\"wdAccImgBox\">\n                        <img src=\"https:\/\/cooperativapuntozero.it\/wp-content\/uploads\/2022\/12\/DSC7152.jpg\" id=\"wdReMoImg1818\">\n                    <\/div>\n                <\/div>\n                <div class=\"cols col3-1 sgrid-desk fontRem09\">\n                    <div class=\"wdReMoBox\" id=\"wdReMoBox1818\">\n                        <span id=\"wdReMoTxt1818\" class=\"lihe20px\">\n<p>Audiobus \u00e8 un viaggio straordinario in bilico tra reale e surreale. Alla partenza ogni viaggiatore riceve un paio di cuffie e una voce narrante lo accompagna, libera la sua fantasia e lo guida a compiere un viaggio in quello che sta attorno alla citt\u00e0, o che ci sta dentro. Si tratta di una performance multidisciplinare, un tragitto letterario, un percorso inatteso, gremito di suggestioni visive e sonore, di acrobazie, di storie. In citt\u00e0 la vita pulsa. Ma che cos\u2019\u00e8 la vita in una citt\u00e0? Alza la testa. Guardati intorno. La poesia ti rapir\u00e0\u0300.<br>Fa parte del pi\u00f9 ampio progetto \u201cMobilit\u00e0 Creative\u201d: una rassegna d\u2019arte performativa e multimediale che esce dai teatri, dalle gallerie d\u2019arte e dai musei per andare ad animare le vie, le piazze e le linee dei trasporti pubblici urbani, promuovendo diversi approcci artistici e nuove forme di mobilit\u00e0 sostenibile.&nbsp;<br><br>Audiobus \u00e8 un format di: Zeroidee, sviluppato da Giovanni Chiarot e Renato Rinaldi.<br> Con il contributo di: Regione Friuli Venezia Giulia e di Turismo FVG. <br> Le linee proposte nelle diverse citt\u00e0 vedono la collaborazione delle aziende di trasporto locale con TPL FVG (Arriva Udine, Trieste Trasporti, APT Gorizia, ATAP Pordenone).<br>\nFoto di Bartolomeo Rossi <\/p>\n\n\n\n<p><a href=\"https:\/\/vimeo.com\/649843321\" target=\"_blank\" rel=\"noreferrer noopener\">GUARDA AUDIOBUS_IL RACCONTO<\/a><\/p>\n\n\n\n<p><a href=\"https:\/\/vimeo.com\/291862864\" target=\"_blank\" rel=\"noreferrer noopener\">GUARDA AUDIOBUS_TRAILER<\/a><\/p>\n<\/span>\n                    <\/div>\n                <\/div>\n                <div class=\"cols col4-4 sgrid-mobi fontRem08 lihe20px\">\n<p>Audiobus \u00e8 un viaggio straordinario in bilico tra reale e surreale. Alla partenza ogni viaggiatore riceve un paio di cuffie e una voce narrante lo accompagna, libera la sua fantasia e lo guida a compiere un viaggio in quello che sta attorno alla citt\u00e0, o che ci sta dentro. Si tratta di una performance multidisciplinare, un tragitto letterario, un percorso inatteso, gremito di suggestioni visive e sonore, di acrobazie, di storie. In citt\u00e0 la vita pulsa. Ma che cos\u2019\u00e8 la vita in una citt\u00e0? Alza la testa. Guardati intorno. La poesia ti rapir\u00e0\u0300.<br>Fa parte del pi\u00f9 ampio progetto \u201cMobilit\u00e0 Creative\u201d: una rassegna d\u2019arte performativa e multimediale che esce dai teatri, dalle gallerie d\u2019arte e dai musei per andare ad animare le vie, le piazze e le linee dei trasporti pubblici urbani, promuovendo diversi approcci artistici e nuove forme di mobilit\u00e0 sostenibile.&nbsp;<br><br>Audiobus \u00e8 un format di: Zeroidee, sviluppato da Giovanni Chiarot e Renato Rinaldi.<br> Con il contributo di: Regione Friuli Venezia Giulia e di Turismo FVG. <br> Le linee proposte nelle diverse citt\u00e0 vedono la collaborazione delle aziende di trasporto locale con TPL FVG (Arriva Udine, Trieste Trasporti, APT Gorizia, ATAP Pordenone).<br>\nFoto di Bartolomeo Rossi <\/p>\n\n\n\n<p><a href=\"https:\/\/vimeo.com\/649843321\" target=\"_blank\" rel=\"noreferrer noopener\">GUARDA AUDIOBUS_IL RACCONTO<\/a><\/p>\n\n\n\n<p><a href=\"https:\/\/vimeo.com\/291862864\" target=\"_blank\" rel=\"noreferrer noopener\">GUARDA AUDIOBUS_TRAILER<\/a><\/p>\n\n                    <div class=\"wdAccImgBox\">\n                        <img src=\"https:\/\/cooperativapuntozero.it\/wp-content\/uploads\/2022\/12\/DSC7152.jpg\">\n                    <\/div>\n                <\/div>\n            <\/div>\n        <\/div><script>\n        jQuery(\"#wdAccBtn1818\").click(function() {\n            if( jQuery(\"#wdAccSec1818\").hasClass(\"hide\") == true){\n                jQuery(\".wdAccSecGen\").addClass(\"hide\");\n                var wnds = jQuery(\"#wdAccBtn1818\").position();\n                var wnda = parseInt(wnds.top) - 25;\n                jQuery(\"html\").animate({ scrollTop: wnda }, \"slow\");\n            }\n            jQuery(\"#wdAccSec1818\").toggleClass(\"hide\");\n        });\n        <\/script><div class=\"tipology arteperformativa comunita direzionecreativa\"><div class=\"rows rwbord\" id=\"wdAccBtn2606\">\n                <div class=\"cols col3-1 coltxtct sgrid-desk\">ALMA MISTERO<\/div>\n                <div class=\"cols col3-1 coltxtct sgrid-desk\">2022<\/div>\n                <div class=\"cols col3-1 coltxtct sgrid-desk lihe20px\">Arte performativa, Comunit\u00e0, Direzione creativa<\/div>\n                <div class=\"cols col3-3 sgrid-mobi lihe22px\">\n                    <b>ALMA MISTERO<\/b><br>\n                    Anno di pubblicazione: <b>2022<\/b><br>\n                    Area di riferimento: <b>Arte performativa, Comunit\u00e0, Direzione creativa<\/b>\n                <\/div>\n            <\/div><div class=\"rows wdAccSecGen hide\" id=\"wdAccSec2606\">\n                <div class=\"cols col3-2 sgrid-desk\">\n                    <div class=\"wdAccImgBox\">\n                        <img src=\"https:\/\/cooperativapuntozero.it\/wp-content\/uploads\/2022\/12\/Prato-Carnico-70-scaled.jpg\" id=\"wdReMoImg2606\">\n                    <\/div>\n                <\/div>\n                <div class=\"cols col3-1 sgrid-desk fontRem09\">\n                    <div class=\"wdReMoBox\" id=\"wdReMoBox2606\">\n                        <span id=\"wdReMoTxt2606\" class=\"lihe20px\">\n<p>\u201cAlma Mistero &#8211; Dove scompaiono gli scomparsi\u201d \u00e8 uno show misterioso, surreale e divertente che, a partire dalla relazione tra artisti\/e e abitanti del luogo, va alla ricerca di persone inventate o realmente esistite, scomparse o forse solo nascoste. Durante le giornate che precedono il festival una bizzarra coppia di inviati del programma \u201cAlma mistero\u201d si aggira nei paesi coinvolti a caccia di indizi e di storie. Il tutto \u00e8 stato documentato in 5 video pubblicati sul canale YouTube di Microfestival.<br>\nAlma Mistero \u00e8 uno spettacolo che abbiamo sviluppato nell\u2019ambito di Microfestival, un festival itinerante d\u2019arte performativa, una tourn\u00e8e che racconta e d\u00e0 voce ai territori del paesaggio montano di confine, a cavallo tra Friuli Venezia Giulia, Austria e Slovenia. Un festival in movimento dove viene utilizzata la pratica dell\u2019ascolto del territorio e la partecipazione dei suoi e delle sue abitanti. <\/p>\n\nProdotto da: Puntozero,<br>\nIdeato e realizzato da: Zeroidee con Natalie Norma Fella,<br>\nCon il contributo di: Regione Friuli Venezia Giulia, Fondazione Friuli.\n<\/p>\n<\/span>\n                    <\/div>\n                <\/div>\n                <div class=\"cols col4-4 sgrid-mobi fontRem08 lihe20px\">\n<p>\u201cAlma Mistero &#8211; Dove scompaiono gli scomparsi\u201d \u00e8 uno show misterioso, surreale e divertente che, a partire dalla relazione tra artisti\/e e abitanti del luogo, va alla ricerca di persone inventate o realmente esistite, scomparse o forse solo nascoste. Durante le giornate che precedono il festival una bizzarra coppia di inviati del programma \u201cAlma mistero\u201d si aggira nei paesi coinvolti a caccia di indizi e di storie. Il tutto \u00e8 stato documentato in 5 video pubblicati sul canale YouTube di Microfestival.<br>\nAlma Mistero \u00e8 uno spettacolo che abbiamo sviluppato nell\u2019ambito di Microfestival, un festival itinerante d\u2019arte performativa, una tourn\u00e8e che racconta e d\u00e0 voce ai territori del paesaggio montano di confine, a cavallo tra Friuli Venezia Giulia, Austria e Slovenia. Un festival in movimento dove viene utilizzata la pratica dell\u2019ascolto del territorio e la partecipazione dei suoi e delle sue abitanti. <\/p>\n\nProdotto da: Puntozero,<br>\nIdeato e realizzato da: Zeroidee con Natalie Norma Fella,<br>\nCon il contributo di: Regione Friuli Venezia Giulia, Fondazione Friuli.\n<\/p>\n\n                    <div class=\"wdAccImgBox\">\n                        <img src=\"https:\/\/cooperativapuntozero.it\/wp-content\/uploads\/2022\/12\/Prato-Carnico-70-scaled.jpg\">\n                    <\/div>\n                <\/div>\n            <\/div>\n        <\/div><script>\n        jQuery(\"#wdAccBtn2606\").click(function() {\n            if( jQuery(\"#wdAccSec2606\").hasClass(\"hide\") == true){\n                jQuery(\".wdAccSecGen\").addClass(\"hide\");\n                var wnds = jQuery(\"#wdAccBtn2606\").position();\n                var wnda = parseInt(wnds.top) - 25;\n                jQuery(\"html\").animate({ scrollTop: wnda }, \"slow\");\n            }\n            jQuery(\"#wdAccSec2606\").toggleClass(\"hide\");\n        });\n        <\/script><div class=\"tipology comunita consulenza direzionecreativa management\"><div class=\"rows rwbord\" id=\"wdAccBtn2586\">\n                <div class=\"cols col3-1 coltxtct sgrid-desk\">STAY TUNED<\/div>\n                <div class=\"cols col3-1 coltxtct sgrid-desk\">2022<\/div>\n                <div class=\"cols col3-1 coltxtct sgrid-desk lihe20px\">Comunit\u00e0, Consulenza, Direzione creativa, Management<\/div>\n                <div class=\"cols col3-3 sgrid-mobi lihe22px\">\n                    <b>STAY TUNED<\/b><br>\n                    Anno di pubblicazione: <b>2022<\/b><br>\n                    Area di riferimento: <b>Comunit\u00e0, Consulenza, Direzione creativa, Management<\/b>\n                <\/div>\n            <\/div><div class=\"rows wdAccSecGen hide\" id=\"wdAccSec2586\">\n                <div class=\"cols col3-2 sgrid-desk\">\n                    <div class=\"wdAccImgBox\">\n                        <img src=\"https:\/\/cooperativapuntozero.it\/wp-content\/uploads\/2022\/11\/Schermata-2023-08-28-alle-15.45.36.png\" id=\"wdReMoImg2586\">\n                    <\/div>\n                <\/div>\n                <div class=\"cols col3-1 sgrid-desk fontRem09\">\n                    <div class=\"wdReMoBox\" id=\"wdReMoBox2586\">\n                        <span id=\"wdReMoTxt2586\" class=\"lihe20px\">\n<p>Stay Tuned \u00e8 un portale gratuito, pensato per le associazioni, che raccoglie e propone contenuti didattici sulla comunicazione. Il portale consente alle organizzazioni di pubblicare i propri corsi o momenti di formazione in forma professionale, con accesso illimitato alla visualizzazione delle lezioni.<br>\nIl progetto Stay Tuned nasce per supportare l\u2019innovazione delle realt\u00e0 del terzo settore del Friuli Venezia Giulia, fornendo strumenti utili per migliorare la comunicazione al proprio interno e verso l\u2019esterno, per esempio la gestione del rapporto con la base sociale, la promozione di momenti di formazione e di incontro, l&#8217;ingaggio dei propri follower, proseguendo online il rapporto spesso iniziato offline.<\/p>\n\nUn progetto di: Zeroidee Aps,<br>\nIn collaborazione con: Circolo Cas\u2019aupa e Bekko,<br>\nFinanziato da: Regione Friuli Venezia Giulia,<br>\nCon il supporto di: Puntozero, Soluzioni Srl e Comune di Tricesimo.<br>\n<\/p>\n\n\n\n<p><a href=\"https:\/\/progettostaytuned.it\" data-type=\"URL\" data-id=\"https:\/\/progettostaytuned.it\" target=\"_blank\" rel=\"noreferrer noopener\">VISITA IL PORTALE<\/a><\/p>\n<\/span>\n                    <\/div>\n                <\/div>\n                <div class=\"cols col4-4 sgrid-mobi fontRem08 lihe20px\">\n<p>Stay Tuned \u00e8 un portale gratuito, pensato per le associazioni, che raccoglie e propone contenuti didattici sulla comunicazione. Il portale consente alle organizzazioni di pubblicare i propri corsi o momenti di formazione in forma professionale, con accesso illimitato alla visualizzazione delle lezioni.<br>\nIl progetto Stay Tuned nasce per supportare l\u2019innovazione delle realt\u00e0 del terzo settore del Friuli Venezia Giulia, fornendo strumenti utili per migliorare la comunicazione al proprio interno e verso l\u2019esterno, per esempio la gestione del rapporto con la base sociale, la promozione di momenti di formazione e di incontro, l&#8217;ingaggio dei propri follower, proseguendo online il rapporto spesso iniziato offline.<\/p>\n\nUn progetto di: Zeroidee Aps,<br>\nIn collaborazione con: Circolo Cas\u2019aupa e Bekko,<br>\nFinanziato da: Regione Friuli Venezia Giulia,<br>\nCon il supporto di: Puntozero, Soluzioni Srl e Comune di Tricesimo.<br>\n<\/p>\n\n\n\n<p><a href=\"https:\/\/progettostaytuned.it\" data-type=\"URL\" data-id=\"https:\/\/progettostaytuned.it\" target=\"_blank\" rel=\"noreferrer noopener\">VISITA IL PORTALE<\/a><\/p>\n\n                    <div class=\"wdAccImgBox\">\n                        <img src=\"https:\/\/cooperativapuntozero.it\/wp-content\/uploads\/2022\/11\/Schermata-2023-08-28-alle-15.45.36.png\">\n                    <\/div>\n                <\/div>\n            <\/div>\n        <\/div><script>\n        jQuery(\"#wdAccBtn2586\").click(function() {\n            if( jQuery(\"#wdAccSec2586\").hasClass(\"hide\") == true){\n                jQuery(\".wdAccSecGen\").addClass(\"hide\");\n                var wnds = jQuery(\"#wdAccBtn2586\").position();\n                var wnda = parseInt(wnds.top) - 25;\n                jQuery(\"html\").animate({ scrollTop: wnda }, \"slow\");\n            }\n            jQuery(\"#wdAccSec2586\").toggleClass(\"hide\");\n        });\n        <\/script><div class=\"tipology artemultimediale direzionecreativa management\"><div class=\"rows rwbord\" id=\"wdAccBtn1958\">\n                <div class=\"cols col3-1 coltxtct sgrid-desk\">LE TIGRI DEL FRIULI<\/div>\n                <div class=\"cols col3-1 coltxtct sgrid-desk\">2022<\/div>\n                <div class=\"cols col3-1 coltxtct sgrid-desk lihe20px\">Arte Multimediale, Direzione creativa, Management<\/div>\n                <div class=\"cols col3-3 sgrid-mobi lihe22px\">\n                    <b>LE TIGRI DEL FRIULI<\/b><br>\n                    Anno di pubblicazione: <b>2022<\/b><br>\n                    Area di riferimento: <b>Arte Multimediale, Direzione creativa, Management<\/b>\n                <\/div>\n            <\/div><div class=\"rows wdAccSecGen hide\" id=\"wdAccSec1958\">\n                <div class=\"cols col3-2 sgrid-desk\">\n                    <div class=\"wdAccImgBox\">\n                        <img src=\"https:\/\/cooperativapuntozero.it\/wp-content\/uploads\/2022\/11\/tigers_image.jpg\" id=\"wdReMoImg1958\">\n                    <\/div>\n                <\/div>\n                <div class=\"cols col3-1 sgrid-desk fontRem09\">\n                    <div class=\"wdReMoBox\" id=\"wdReMoBox1958\">\n                        <span id=\"wdReMoTxt1958\" class=\"lihe20px\">\n<p>\u201cLe Tigri del Friuli\u201d \u00e8 un archivio dove abbiamo raccolto alcuni risultati di una ricerca semi-seria e non lineare che ripercorre la vicenda delle Tigri di Monteaperta: la prima squadra italiana di Tiro alla fune femminile, nata nel 1962 da un gruppo di donne sul confine italo-sloveno.&nbsp;La nostra ricerca si \u00e8 sviluppata attraverso una serie di interviste alle \u201cTigri\u201d ancora in vita, alle persone che le hanno conosciute, a studiose e studiosi. Abbiamo poi individuato alcuni temi attorno ai quali abbiamo ideato sei video-racconti e le relative bibliografie. Ci auguriamo che, come \u00e8 stato per noi, una piccola storia di ieri possa aprire nuovi interrogativi sull\u2019oggi.<\/p>\n\n\n\n<p>L\u2019archivio \u201cLe tigri del Friuli\u201d <br> Un\u2019idea di: Puntozero <br> Consulenza storica: Marco Feleppa<br> In collaborazione con: A.M.A. Monteaperta Associazione Culturale, Bottega Errante. <br> Con il contributo di Regione Friuli Venezia Giulia<\/p>\n\n\n\n<p><a href=\"https:\/\/letigridelfriuli.it\" target=\"_blank\" rel=\"noreferrer noopener\">VISITA L&#8217;ARCHIVIO<\/a>&nbsp;<\/p>\n<\/span>\n                    <\/div>\n                <\/div>\n                <div class=\"cols col4-4 sgrid-mobi fontRem08 lihe20px\">\n<p>\u201cLe Tigri del Friuli\u201d \u00e8 un archivio dove abbiamo raccolto alcuni risultati di una ricerca semi-seria e non lineare che ripercorre la vicenda delle Tigri di Monteaperta: la prima squadra italiana di Tiro alla fune femminile, nata nel 1962 da un gruppo di donne sul confine italo-sloveno.&nbsp;La nostra ricerca si \u00e8 sviluppata attraverso una serie di interviste alle \u201cTigri\u201d ancora in vita, alle persone che le hanno conosciute, a studiose e studiosi. Abbiamo poi individuato alcuni temi attorno ai quali abbiamo ideato sei video-racconti e le relative bibliografie. Ci auguriamo che, come \u00e8 stato per noi, una piccola storia di ieri possa aprire nuovi interrogativi sull\u2019oggi.<\/p>\n\n\n\n<p>L\u2019archivio \u201cLe tigri del Friuli\u201d <br> Un\u2019idea di: Puntozero <br> Consulenza storica: Marco Feleppa<br> In collaborazione con: A.M.A. Monteaperta Associazione Culturale, Bottega Errante. <br> Con il contributo di Regione Friuli Venezia Giulia<\/p>\n\n\n\n<p><a href=\"https:\/\/letigridelfriuli.it\" target=\"_blank\" rel=\"noreferrer noopener\">VISITA L&#8217;ARCHIVIO<\/a>&nbsp;<\/p>\n\n                    <div class=\"wdAccImgBox\">\n                        <img src=\"https:\/\/cooperativapuntozero.it\/wp-content\/uploads\/2022\/11\/tigers_image.jpg\">\n                    <\/div>\n                <\/div>\n            <\/div>\n        <\/div><script>\n        jQuery(\"#wdAccBtn1958\").click(function() {\n            if( jQuery(\"#wdAccSec1958\").hasClass(\"hide\") == true){\n                jQuery(\".wdAccSecGen\").addClass(\"hide\");\n                var wnds = jQuery(\"#wdAccBtn1958\").position();\n                var wnda = parseInt(wnds.top) - 25;\n                jQuery(\"html\").animate({ scrollTop: wnda }, \"slow\");\n            }\n            jQuery(\"#wdAccSec1958\").toggleClass(\"hide\");\n        });\n        <\/script><div class=\"tipology arteperformativa comunita direzionecreativa\"><div class=\"rows rwbord\" id=\"wdAccBtn2598\">\n                <div class=\"cols col3-1 coltxtct sgrid-desk\">COMUNI NON COMUNI SPASH<\/div>\n                <div class=\"cols col3-1 coltxtct sgrid-desk\">2021<\/div>\n                <div class=\"cols col3-1 coltxtct sgrid-desk lihe20px\">Arte performativa, Comunit\u00e0, Direzione creativa<\/div>\n                <div class=\"cols col3-3 sgrid-mobi lihe22px\">\n                    <b>COMUNI NON COMUNI SPASH<\/b><br>\n                    Anno di pubblicazione: <b>2021<\/b><br>\n                    Area di riferimento: <b>Arte performativa, Comunit\u00e0, Direzione creativa<\/b>\n                <\/div>\n            <\/div><div class=\"rows wdAccSecGen hide\" id=\"wdAccSec2598\">\n                <div class=\"cols col3-2 sgrid-desk\">\n                    <div class=\"wdAccImgBox\">\n                        <img src=\"https:\/\/cooperativapuntozero.it\/wp-content\/uploads\/2022\/12\/Microfestival_2021_-2-scaled.jpg\" id=\"wdReMoImg2598\">\n                    <\/div>\n                <\/div>\n                <div class=\"cols col3-1 sgrid-desk fontRem09\">\n                    <div class=\"wdReMoBox\" id=\"wdReMoBox2598\">\n                        <span id=\"wdReMoTxt2598\" class=\"lihe20px\">\n<p>Comuni non Comuni Splash \u00e8 uno show mozzafiato, un variet\u00e0 porta a porta, alle finestre delle case, nei cortili, lungo le strade. Gli e le abitanti di piccolissimi paesi vengono coinvolti\/e da bizzarri personaggi in performance straordinarie, giochi frizzanti e colpi di scena. \n\u00c8 una festa collettiva animata da artisti\/e e abitanti sempre nuova, sempre differente. <br>\nComuni non Comuni splash \u00e8 un format che abbiamo sviluppato nell\u2019ambito di Microfestival, un festival itinerante d\u2019arte performativa, una tourn\u00e8e che racconta e d\u00e0 voce ai territori del paesaggio montano di confine, a cavallo tra Friuli Austria e Slovenia. Un festival in movimento dove utilizziamo la pratica dell\u2019ascolto del territorio e la partecipazione dei suoi e delle sue abitanti. \n<\/p>\nProdotto da: Puntozero, <br>\nIdeato e realizzato da: Zeroidee con Matteo Carli, Giovanni Chiarot, Andrea Collavino e Natalie Norma Fella<br>\nCon il contributo di: Regione Friuli Venezia Giulia, Fondazione Friuli.\n<\/p>\n\n\n\n<p><a href=\"https:\/\/www.youtube.com\/channel\/UCXUbY7TZfwyIekeXfiP5ANw\" target=\"_blank\" rel=\"noreferrer noopener\">GUARDA MICROTIV\u00d9<\/a><\/p>\n<\/span>\n                    <\/div>\n                <\/div>\n                <div class=\"cols col4-4 sgrid-mobi fontRem08 lihe20px\">\n<p>Comuni non Comuni Splash \u00e8 uno show mozzafiato, un variet\u00e0 porta a porta, alle finestre delle case, nei cortili, lungo le strade. Gli e le abitanti di piccolissimi paesi vengono coinvolti\/e da bizzarri personaggi in performance straordinarie, giochi frizzanti e colpi di scena. \n\u00c8 una festa collettiva animata da artisti\/e e abitanti sempre nuova, sempre differente. <br>\nComuni non Comuni splash \u00e8 un format che abbiamo sviluppato nell\u2019ambito di Microfestival, un festival itinerante d\u2019arte performativa, una tourn\u00e8e che racconta e d\u00e0 voce ai territori del paesaggio montano di confine, a cavallo tra Friuli Austria e Slovenia. Un festival in movimento dove utilizziamo la pratica dell\u2019ascolto del territorio e la partecipazione dei suoi e delle sue abitanti. \n<\/p>\nProdotto da: Puntozero, <br>\nIdeato e realizzato da: Zeroidee con Matteo Carli, Giovanni Chiarot, Andrea Collavino e Natalie Norma Fella<br>\nCon il contributo di: Regione Friuli Venezia Giulia, Fondazione Friuli.\n<\/p>\n\n\n\n<p><a href=\"https:\/\/www.youtube.com\/channel\/UCXUbY7TZfwyIekeXfiP5ANw\" target=\"_blank\" rel=\"noreferrer noopener\">GUARDA MICROTIV\u00d9<\/a><\/p>\n\n                    <div class=\"wdAccImgBox\">\n                        <img src=\"https:\/\/cooperativapuntozero.it\/wp-content\/uploads\/2022\/12\/Microfestival_2021_-2-scaled.jpg\">\n                    <\/div>\n                <\/div>\n            <\/div>\n        <\/div><script>\n        jQuery(\"#wdAccBtn2598\").click(function() {\n            if( jQuery(\"#wdAccSec2598\").hasClass(\"hide\") == true){\n                jQuery(\".wdAccSecGen\").addClass(\"hide\");\n                var wnds = jQuery(\"#wdAccBtn2598\").position();\n                var wnda = parseInt(wnds.top) - 25;\n                jQuery(\"html\").animate({ scrollTop: wnda }, \"slow\");\n            }\n            jQuery(\"#wdAccSec2598\").toggleClass(\"hide\");\n        });\n        <\/script><div class=\"tipology artemultimediale arteperformativa direzionecreativa laboratori management\"><div class=\"rows rwbord\" id=\"wdAccBtn1821\">\n                <div class=\"cols col3-1 coltxtct sgrid-desk\">PRIMA DELLA LEVA<\/div>\n                <div class=\"cols col3-1 coltxtct sgrid-desk\">2021<\/div>\n                <div class=\"cols col3-1 coltxtct sgrid-desk lihe20px\">Arte Multimediale, Arte performativa, Direzione creativa, Laboratori, Management<\/div>\n                <div class=\"cols col3-3 sgrid-mobi lihe22px\">\n                    <b>PRIMA DELLA LEVA<\/b><br>\n                    Anno di pubblicazione: <b>2021<\/b><br>\n                    Area di riferimento: <b>Arte Multimediale, Arte performativa, Direzione creativa, Laboratori, Management<\/b>\n                <\/div>\n            <\/div><div class=\"rows wdAccSecGen hide\" id=\"wdAccSec1821\">\n                <div class=\"cols col3-2 sgrid-desk\">\n                    <div class=\"wdAccImgBox\">\n                        <img src=\"https:\/\/cooperativapuntozero.it\/wp-content\/uploads\/2022\/11\/prima-della-leva_pz.jpg\" id=\"wdReMoImg1821\">\n                    <\/div>\n                <\/div>\n                <div class=\"cols col3-1 sgrid-desk fontRem09\">\n                    <div class=\"wdReMoBox\" id=\"wdReMoBox1821\">\n                        <span id=\"wdReMoTxt1821\" class=\"lihe20px\">\n<p>Prima della leva \u00e8 un\u2019esperienza immersiva, itinerante e solitaria dove tu partecipante interpreti il ruolo di un personaggio da noi delineato.&nbsp;<br>\nAttraverso i messaggi che ricevi via WhatsApp, segui le indicazioni, ti sposti per il centro citt\u00e0, ti immergi sempre pi\u00f9 nella vita e nelle relazioni del protagonista.&nbsp;<br>\nLa base d\u2019ispirazione per costruire questa performance esperienziale sono stati testi, audio, immagini e video elaborati nel corso di alcuni laboratori che abbiamo proposto alle ragazze e ai ragazzi di cinque istituti scolastici. I contenuti multimediali sono consultabili sul sito del progetto insieme a un\u2019antologia di saggi, narrazioni, film, siti web.<\/p>\n<p><b>Prima della leva<\/b><br>\nUn progetto di: Zeroidee, Giovanni Chiarot e Matteo Carli<br>\nSupporto artistico: Renato Rinaldi<br>\nSupporto tecnico informatico: Alberto Duca e Alex Duca<br>\nCon il contributo di: Regione Friuli Venezia Giulia e Comune di Udine.<br><br>\n<a href=\"https:\/\/primadellaleva.it\/\" target=\"_blank\" rel=\"noopener\">Visita il Sito<\/a><\/p>\n<\/span>\n                    <\/div>\n                <\/div>\n                <div class=\"cols col4-4 sgrid-mobi fontRem08 lihe20px\">\n<p>Prima della leva \u00e8 un\u2019esperienza immersiva, itinerante e solitaria dove tu partecipante interpreti il ruolo di un personaggio da noi delineato.&nbsp;<br>\nAttraverso i messaggi che ricevi via WhatsApp, segui le indicazioni, ti sposti per il centro citt\u00e0, ti immergi sempre pi\u00f9 nella vita e nelle relazioni del protagonista.&nbsp;<br>\nLa base d\u2019ispirazione per costruire questa performance esperienziale sono stati testi, audio, immagini e video elaborati nel corso di alcuni laboratori che abbiamo proposto alle ragazze e ai ragazzi di cinque istituti scolastici. I contenuti multimediali sono consultabili sul sito del progetto insieme a un\u2019antologia di saggi, narrazioni, film, siti web.<\/p>\n<p><b>Prima della leva<\/b><br>\nUn progetto di: Zeroidee, Giovanni Chiarot e Matteo Carli<br>\nSupporto artistico: Renato Rinaldi<br>\nSupporto tecnico informatico: Alberto Duca e Alex Duca<br>\nCon il contributo di: Regione Friuli Venezia Giulia e Comune di Udine.<br><br>\n<a href=\"https:\/\/primadellaleva.it\/\" target=\"_blank\" rel=\"noopener\">Visita il Sito<\/a><\/p>\n\n                    <div class=\"wdAccImgBox\">\n                        <img src=\"https:\/\/cooperativapuntozero.it\/wp-content\/uploads\/2022\/11\/prima-della-leva_pz.jpg\">\n                    <\/div>\n                <\/div>\n            <\/div>\n        <\/div><script>\n        jQuery(\"#wdAccBtn1821\").click(function() {\n            if( jQuery(\"#wdAccSec1821\").hasClass(\"hide\") == true){\n                jQuery(\".wdAccSecGen\").addClass(\"hide\");\n                var wnds = jQuery(\"#wdAccBtn1821\").position();\n                var wnda = parseInt(wnds.top) - 25;\n                jQuery(\"html\").animate({ scrollTop: wnda }, \"slow\");\n            }\n            jQuery(\"#wdAccSec1821\").toggleClass(\"hide\");\n        });\n        <\/script><div class=\"tipology artemultimediale direzionecreativa eventi\"><div class=\"rows rwbord\" id=\"wdAccBtn1954\">\n                <div class=\"cols col3-1 coltxtct sgrid-desk\">LE DIRAI MARTE O METALLO<\/div>\n                <div class=\"cols col3-1 coltxtct sgrid-desk\">2020<\/div>\n                <div class=\"cols col3-1 coltxtct sgrid-desk lihe20px\">Arte Multimediale, Direzione creativa, Eventi<\/div>\n                <div class=\"cols col3-3 sgrid-mobi lihe22px\">\n                    <b>LE DIRAI MARTE O METALLO<\/b><br>\n                    Anno di pubblicazione: <b>2020<\/b><br>\n                    Area di riferimento: <b>Arte Multimediale, Direzione creativa, Eventi<\/b>\n                <\/div>\n            <\/div><div class=\"rows wdAccSecGen hide\" id=\"wdAccSec1954\">\n                <div class=\"cols col3-2 sgrid-desk\">\n                    <div class=\"wdAccImgBox\">\n                        <img src=\"https:\/\/cooperativapuntozero.it\/wp-content\/uploads\/2022\/11\/lediraimarteometallo_zeroidee.jpg\" id=\"wdReMoImg1954\">\n                    <\/div>\n                <\/div>\n                <div class=\"cols col3-1 sgrid-desk fontRem09\">\n                    <div class=\"wdReMoBox\" id=\"wdReMoBox1954\">\n                        <span id=\"wdReMoTxt1954\" class=\"lihe20px\">\n<p>\u201cLe dirai marte o metallo\u201d esplora la questione dell\u2019interpretazione in un sistema che oggi ci permette di accedere ad un sapere che si sviluppa a partire da noi, supportato da algoritmi che assecondano il nostro punto di vista, i nostri gusti, le nostre opinioni.&nbsp;Un ambiente sonoro e visivo, un podio e un grande schermo posizionato al centro dello spazio invitano il pubblico a compiere un viaggio. Mediante un pulsante, tu visitatore, puoi scegliere una delle 49 parole che aprono al \u201csapere\u201d e che appaiono proiettate sullo schermo. Un algoritmo lancia una ricerca nel web che viene visivamente percepita come un viaggio in uno spazio indefinito tra un micro e un macrocosmo, con il susseguirsi di linee e forme che ricordano ora pianeti, ora particelle molecolari. Un sistema combinatorio seleziona 7 dati nell\u2019infinito bacino di informazioni, che vanno a formare un rebus, un enigma, uno stimolo creativo, una domanda. Quasi a ricordarti che ogni volta che ti affacci sulla finestra di questo spazio, quello che ti viene restituito richiede sempre un\u2019interpretazione, che sia data da te oppure da altri e altre. Ecco la possibilit\u00e0\u0300 di costruire, se lo vuoi, nuovi significati.&nbsp;<\/p>\n\n\n\n<p>Le dirai Marte o Metallo \u00e8 un\u2019installazione ideata e realizzata da Zeroidee, Giovanni Chiarot e Matteo Carli<br>Consulenza scientifica di Paolo Patui e Mario Turello<br>Animazioni grafiche Roberto Ranon<br>Sviluppo informatico Matteo Gervasi<br>Musiche originali e sound design Davide Vettori<br>Supporto tecnico Alessandro Pasquali, Giordano Sala. <br>Prodotta da Leggermente. <br>Con il contributo di Regione Friuli Venezia Giulia<\/p>\n<\/span>\n                    <\/div>\n                <\/div>\n                <div class=\"cols col4-4 sgrid-mobi fontRem08 lihe20px\">\n<p>\u201cLe dirai marte o metallo\u201d esplora la questione dell\u2019interpretazione in un sistema che oggi ci permette di accedere ad un sapere che si sviluppa a partire da noi, supportato da algoritmi che assecondano il nostro punto di vista, i nostri gusti, le nostre opinioni.&nbsp;Un ambiente sonoro e visivo, un podio e un grande schermo posizionato al centro dello spazio invitano il pubblico a compiere un viaggio. Mediante un pulsante, tu visitatore, puoi scegliere una delle 49 parole che aprono al \u201csapere\u201d e che appaiono proiettate sullo schermo. Un algoritmo lancia una ricerca nel web che viene visivamente percepita come un viaggio in uno spazio indefinito tra un micro e un macrocosmo, con il susseguirsi di linee e forme che ricordano ora pianeti, ora particelle molecolari. Un sistema combinatorio seleziona 7 dati nell\u2019infinito bacino di informazioni, che vanno a formare un rebus, un enigma, uno stimolo creativo, una domanda. Quasi a ricordarti che ogni volta che ti affacci sulla finestra di questo spazio, quello che ti viene restituito richiede sempre un\u2019interpretazione, che sia data da te oppure da altri e altre. Ecco la possibilit\u00e0\u0300 di costruire, se lo vuoi, nuovi significati.&nbsp;<\/p>\n\n\n\n<p>Le dirai Marte o Metallo \u00e8 un\u2019installazione ideata e realizzata da Zeroidee, Giovanni Chiarot e Matteo Carli<br>Consulenza scientifica di Paolo Patui e Mario Turello<br>Animazioni grafiche Roberto Ranon<br>Sviluppo informatico Matteo Gervasi<br>Musiche originali e sound design Davide Vettori<br>Supporto tecnico Alessandro Pasquali, Giordano Sala. <br>Prodotta da Leggermente. <br>Con il contributo di Regione Friuli Venezia Giulia<\/p>\n\n                    <div class=\"wdAccImgBox\">\n                        <img src=\"https:\/\/cooperativapuntozero.it\/wp-content\/uploads\/2022\/11\/lediraimarteometallo_zeroidee.jpg\">\n                    <\/div>\n                <\/div>\n            <\/div>\n        <\/div><script>\n        jQuery(\"#wdAccBtn1954\").click(function() {\n            if( jQuery(\"#wdAccSec1954\").hasClass(\"hide\") == true){\n                jQuery(\".wdAccSecGen\").addClass(\"hide\");\n                var wnds = jQuery(\"#wdAccBtn1954\").position();\n                var wnda = parseInt(wnds.top) - 25;\n                jQuery(\"html\").animate({ scrollTop: wnda }, \"slow\");\n            }\n            jQuery(\"#wdAccSec1954\").toggleClass(\"hide\");\n        });\n        <\/script><div class=\"tipology arteperformativa comunita direzionecreativa eventi\"><div class=\"rows rwbord\" id=\"wdAccBtn2591\">\n                <div class=\"cols col3-1 coltxtct sgrid-desk\">IL GRANDE GIOCO<\/div>\n                <div class=\"cols col3-1 coltxtct sgrid-desk\">2019<\/div>\n                <div class=\"cols col3-1 coltxtct sgrid-desk lihe20px\">Arte performativa, Comunit\u00e0, Direzione creativa, Eventi<\/div>\n                <div class=\"cols col3-3 sgrid-mobi lihe22px\">\n                    <b>IL GRANDE GIOCO<\/b><br>\n                    Anno di pubblicazione: <b>2019<\/b><br>\n                    Area di riferimento: <b>Arte performativa, Comunit\u00e0, Direzione creativa, Eventi<\/b>\n                <\/div>\n            <\/div><div class=\"rows wdAccSecGen hide\" id=\"wdAccSec2591\">\n                <div class=\"cols col3-2 sgrid-desk\">\n                    <div class=\"wdAccImgBox\">\n                        <img src=\"https:\/\/cooperativapuntozero.it\/wp-content\/uploads\/2022\/12\/89071441_912931089139801_8690701164783599616_n.jpg\" id=\"wdReMoImg2591\">\n                    <\/div>\n                <\/div>\n                <div class=\"cols col3-1 sgrid-desk fontRem09\">\n                    <div class=\"wdReMoBox\" id=\"wdReMoBox2591\">\n                        <span id=\"wdReMoTxt2591\" class=\"lihe20px\">\n<p>Comuni non Comuni Inverno: Un grande gioco-spettacolo pensato per piccolissimi paesi, soprattutto per territori di confine. <br>\nUn\u2019orchestra e un gruppo di eccentrici personaggi ed eccentriche personagge coinvolgono la comunit\u00e0 in un gioco a squadre trans-generazionale. Un enorme tabellone al centro, grandi pedine da muovere, un gioco fatto di sfide, musica, colpi di scena e \u201cricchi\u201d premi. Viene a delinearsi cos\u00ec un\u2019impensata mappa di comunit\u00e0, una festa collettiva animata da artisti\/e e abitanti sempre nuova, sempre differente. <br>\nIl Grande gioco \u00e8 un format che abbiamo sviluppato nell\u2019ambito di Microfestival, un festival itinerante d\u2019arte performativa, una tourn\u00e8e che racconta e d\u00e0 voce ai territori del paesaggio montano di confine, a cavallo tra Friuli Austria e Slovenia. Un festival in movimento dove utilizziamo la pratica dell\u2019ascolto del territorio e la partecipazione dei suoi e delle sue abitanti. \n<\/p>\nProdotto da: Puntozero,<br>\nIdeato e realizzato da: Zeroidee, Matteo Carli, Giovanni Chiarot con Andrea Collavino e Natalie Norma Fella <br>\nProgetto grafico del gioco: Francesco Fidani <br>\nCon il contributo di: Regione Friuli Venezia Giulia, Fondazione Friuli.\n<\/span>\n                    <\/div>\n                <\/div>\n                <div class=\"cols col4-4 sgrid-mobi fontRem08 lihe20px\">\n<p>Comuni non Comuni Inverno: Un grande gioco-spettacolo pensato per piccolissimi paesi, soprattutto per territori di confine. <br>\nUn\u2019orchestra e un gruppo di eccentrici personaggi ed eccentriche personagge coinvolgono la comunit\u00e0 in un gioco a squadre trans-generazionale. Un enorme tabellone al centro, grandi pedine da muovere, un gioco fatto di sfide, musica, colpi di scena e \u201cricchi\u201d premi. Viene a delinearsi cos\u00ec un\u2019impensata mappa di comunit\u00e0, una festa collettiva animata da artisti\/e e abitanti sempre nuova, sempre differente. <br>\nIl Grande gioco \u00e8 un format che abbiamo sviluppato nell\u2019ambito di Microfestival, un festival itinerante d\u2019arte performativa, una tourn\u00e8e che racconta e d\u00e0 voce ai territori del paesaggio montano di confine, a cavallo tra Friuli Austria e Slovenia. Un festival in movimento dove utilizziamo la pratica dell\u2019ascolto del territorio e la partecipazione dei suoi e delle sue abitanti. \n<\/p>\nProdotto da: Puntozero,<br>\nIdeato e realizzato da: Zeroidee, Matteo Carli, Giovanni Chiarot con Andrea Collavino e Natalie Norma Fella <br>\nProgetto grafico del gioco: Francesco Fidani <br>\nCon il contributo di: Regione Friuli Venezia Giulia, Fondazione Friuli.\n\n                    <div class=\"wdAccImgBox\">\n                        <img src=\"https:\/\/cooperativapuntozero.it\/wp-content\/uploads\/2022\/12\/89071441_912931089139801_8690701164783599616_n.jpg\">\n                    <\/div>\n                <\/div>\n            <\/div>\n        <\/div><script>\n        jQuery(\"#wdAccBtn2591\").click(function() {\n            if( jQuery(\"#wdAccSec2591\").hasClass(\"hide\") == true){\n                jQuery(\".wdAccSecGen\").addClass(\"hide\");\n                var wnds = jQuery(\"#wdAccBtn2591\").position();\n                var wnda = parseInt(wnds.top) - 25;\n                jQuery(\"html\").animate({ scrollTop: wnda }, \"slow\");\n            }\n            jQuery(\"#wdAccSec2591\").toggleClass(\"hide\");\n        });\n        <\/script><div class=\"tipology artemultimediale comunita direzionecreativa\"><div class=\"rows rwbord\" id=\"wdAccBtn2899\">\n                <div class=\"cols col3-1 coltxtct sgrid-desk\">RUBE GOLDBERG MACHINE<\/div>\n                <div class=\"cols col3-1 coltxtct sgrid-desk\">2014<\/div>\n                <div class=\"cols col3-1 coltxtct sgrid-desk lihe20px\">Arte Multimediale, Comunit\u00e0, Direzione creativa<\/div>\n                <div class=\"cols col3-3 sgrid-mobi lihe22px\">\n                    <b>RUBE GOLDBERG MACHINE<\/b><br>\n                    Anno di pubblicazione: <b>2014<\/b><br>\n                    Area di riferimento: <b>Arte Multimediale, Comunit\u00e0, Direzione creativa<\/b>\n                <\/div>\n            <\/div><div class=\"rows wdAccSecGen hide\" id=\"wdAccSec2899\">\n                <div class=\"cols col3-2 sgrid-desk\">\n                    <div class=\"wdAccImgBox\">\n                        <img src=\"https:\/\/cooperativapuntozero.it\/wp-content\/uploads\/2023\/01\/10865870_755661737857546_6788370219359288699_o.jpg\" id=\"wdReMoImg2899\">\n                    <\/div>\n                <\/div>\n                <div class=\"cols col3-1 sgrid-desk fontRem09\">\n                    <div class=\"wdReMoBox\" id=\"wdReMoBox2899\">\n                        <span id=\"wdReMoTxt2899\" class=\"lihe20px\">\n<p>Ci siamo inventati e abbiamo costruito una Rube Goldberg machine con sei diversi percorsi. Ogni percorso \u00e8 diventato un video-clip per promuovere sul web le sei parole della carta dei diritti europei. L\u2019installazione e la campagna social rientrava nel progetto europeo \u201cEnjoy Your Rights\u201d pensato per promuovere la carta dei diritti europei attraverso i social network.<\/p>\nIdeazione e realizzazione della Rube Goldberg machine: Puntozero, Giovanni Chiarot, Francesco Rossi con Rocco Repezza, Giacomo Bompan <br>\nRealizzazione video-clip: Uponadream, Giulio Venier e Marco Londero<br>\nAnimazioni grafiche: Giacomo Bompan<br>\nComposizioni sonore: Giacomo Lamparelli<br>\nCon il contributo di: Unione Europea e Regione Friuli Venezia Giulia\n<\/p>\n\n\n\n<p><a href=\"https:\/\/www.youtube.com\/@zeroidee1299\" target=\"_blank\" rel=\"noreferrer noopener\">GUARDA I VIDEO DELLA RUBE GOLDBERG<\/a><\/p>\n<\/span>\n                    <\/div>\n                <\/div>\n                <div class=\"cols col4-4 sgrid-mobi fontRem08 lihe20px\">\n<p>Ci siamo inventati e abbiamo costruito una Rube Goldberg machine con sei diversi percorsi. Ogni percorso \u00e8 diventato un video-clip per promuovere sul web le sei parole della carta dei diritti europei. L\u2019installazione e la campagna social rientrava nel progetto europeo \u201cEnjoy Your Rights\u201d pensato per promuovere la carta dei diritti europei attraverso i social network.<\/p>\nIdeazione e realizzazione della Rube Goldberg machine: Puntozero, Giovanni Chiarot, Francesco Rossi con Rocco Repezza, Giacomo Bompan <br>\nRealizzazione video-clip: Uponadream, Giulio Venier e Marco Londero<br>\nAnimazioni grafiche: Giacomo Bompan<br>\nComposizioni sonore: Giacomo Lamparelli<br>\nCon il contributo di: Unione Europea e Regione Friuli Venezia Giulia\n<\/p>\n\n\n\n<p><a href=\"https:\/\/www.youtube.com\/@zeroidee1299\" target=\"_blank\" rel=\"noreferrer noopener\">GUARDA I VIDEO DELLA RUBE GOLDBERG<\/a><\/p>\n\n                    <div class=\"wdAccImgBox\">\n                        <img src=\"https:\/\/cooperativapuntozero.it\/wp-content\/uploads\/2023\/01\/10865870_755661737857546_6788370219359288699_o.jpg\">\n                    <\/div>\n                <\/div>\n            <\/div>\n        <\/div><script>\n        jQuery(\"#wdAccBtn2899\").click(function() {\n            if( jQuery(\"#wdAccSec2899\").hasClass(\"hide\") == true){\n                jQuery(\".wdAccSecGen\").addClass(\"hide\");\n                var wnds = jQuery(\"#wdAccBtn2899\").position();\n                var wnda = parseInt(wnds.top) - 25;\n                jQuery(\"html\").animate({ scrollTop: wnda }, \"slow\");\n            }\n            jQuery(\"#wdAccSec2899\").toggleClass(\"hide\");\n        });\n        <\/script><div class=\"rows rwbord hide\" id=\"wdTableNothing\">\n        <div class=\"cols col4-4\">Nessun progetto trovato.<\/div>\n    <\/div><script>\n        function MifuneCheckEventsCount(){\n            var ntid = jQuery(\".webdev-grid .tipology:visible\").length;\n            jQuery(\"#wdTableNothing\").addClass(\"hide\");\n            if(ntid == 0){ jQuery(\"#wdTableNothing\").removeClass(\"hide\"); }\n        } <\/script><script>\n        function MifuneFilterTipology(suos){ \n            if(suos == \"mifunetipology\"){\n                suos_def = \".\" + (mifune_tipology_def.replaceAll(\" \",\", .\"));\n                suos_def = suos_def.replaceAll(\"-\",\"\");\n                jQuery(\".webdev-grid .tipology\").hide().filter(suos_def).show();\n                MifuneCheckEventsCount();\n            } else {\n                suos = \".\" + (suos.replaceAll(\" \",\", .\"));\n                suos = suos.replaceAll(\"-\",\"\");\n                \/* console.log(suos); *\/\n                jQuery(\".webdev-grid .tipology\").hide().filter(\"\"+suos+\"\").show();\n                MifuneCheckEventsCount();\n            }\n        } MifuneFilterTipology(mifune_tipology);\n    <\/script><\/div>\n<\/p><\/div>\n<div>\n<div class=\"webdev-societys-flybox\">\n\t    <img src=\"\/wp-content\/themes\/webdev-theme\/websvg\/webshcode-societys-desktop-mag.svg\" class=\"wdsfi-desktop\">\n\t    <!-- <img src=\"\/wp-content\/themes\/webdev-theme\/websvg\/webshcode-societys-desktop.svg\" class=\"wdsfi-desktop\"> -->\n\t    <img src=\"\/wp-content\/themes\/webdev-theme\/websvg\/webshcode-societys-tablet-mag.svg\" class=\"wdsfi-tablet\">\n\t    <!-- <img src=\"\/wp-content\/themes\/webdev-theme\/websvg\/webshcode-societys-tablet.svg\" class=\"wdsfi-tablet\"> -->\n\t    <img src=\"\/wp-content\/themes\/webdev-theme\/websvg\/webshcode-societys-mobile-mag.svg\" class=\"wdsfi-mobile\">\n\t    <!-- <img src=\"\/wp-content\/themes\/webdev-theme\/websvg\/webshcode-societys-mobile.svg\" class=\"wdsfi-mobile\"> -->\n\t    <a href=\"https:\/\/zeroidee.it\/\" class=\"wdsfi-conn wdsfi-one\"><!-- zeroidee --><\/a>\n\t    <a href=\"http:\/\/cooperativapuntozero.it\/\" class=\"wdsfi-conn wdsfi-two\"><!-- puntozero --><\/a>\n\t    <a href=\"https:\/\/altrememorie.it\/\" class=\"wdsfi-conn wdsfi-three\"><!-- altrememorie --><\/a>\n\t    <a href=\"https:\/\/soluzionilab.it\/\" class=\"wdsfi-conn wdsfi-four\"><!-- soluzioni --><\/a>\n\t<\/div><\/div>\n<div>\n<p style=\"margin:0;padding:0;line-height:17px;letter-spacing:-0.2;font-size:13px;\">Zeroidee A.P.S.<br \/>C.F. 94150160300<\/p>\n<\/div>\n<div>\n<p style=\"margin:0;padding:0;line-height:17px;letter-spacing:-0.2;font-size:13px;\">Sede legale: Strada delle Betulle 21\/12,<br \/>Campoformido, Udine<\/p>\n<\/div>\n<div>\n<p style=\"margin:0;padding:0;line-height:17px;letter-spacing:-0.2;font-size:13px;\">info@zeroidee.com<br \/>amministrazione@zeroidee.com<\/p>\n<\/div>\n<div>\n<p>    <!-- TRASPARENZA ### BUTTON --><\/p>\n<p style=\"margin: 0; padding: 0; line-height: 17px; letter-spacing: -0.2; font-size: 13px;\"><a href=\"#t\" style=\"color: #000;\" id=\"webdev-trasparency-button\">Trasparenza<\/a><\/p>\n<p><!-- TRASPARENZA ### MODALS --><\/p>\n<div id=\"webdev-trasparency-modal\" class=\"wdtms-zeroidee d-none\">\n<h4>Trasparenza<\/h4>\n<div><!--Le informazioni relative alla trasparenza di <b>Zeroidee<\/b> non sono disponibili in questo momento.<br \/>--><a href=\"https:\/\/leserre.co\/wp-content\/uploads\/2024\/09\/ZE-Trasparenza2023.pdf\" target=\"_blank\">>> Zeroidee &#8211; Trasparenza 2023<\/a><br \/>\n\t<a href=\"#t\" id=\"webdev-trasparency-close\" class=\"close\">Chiudi<\/a><\/div>\n<\/div>\n<p><!-- TRASPARENZA ### SCRIPTS --><br \/>\n<script>\njQuery('#webdev-trasparency-button').click(function(){ jQuery('#webdev-trasparency-modal').toggleClass('d-none'); });\njQuery('#webdev-trasparency-close').click(function(){ jQuery('#webdev-trasparency-modal').toggleClass('d-none'); });\n<\/script>\n<\/div>\n<p><!--more--><br \/>\n<!-- {\"type\":\"layout\",\"children\":[{\"type\":\"section\",\"props\":{\"style\":\"default\",\"width\":\"expand\",\"vertical_align\":\"middle\",\"title_position\":\"top-left\",\"title_rotation\":\"left\",\"title_breakpoint\":\"xl\",\"image_position\":\"center-center\",\"padding\":\"xsmall\",\"class\":\"bgF5F1E1\"},\"children\":[{\"type\":\"row\",\"children\":[{\"type\":\"column\",\"props\":{\"position_sticky_breakpoint\":\"m\",\"image_position\":\"center-center\",\"media_overlay_gradient\":\"\"},\"children\":[{\"type\":\"image\",\"props\":{\"margin\":\"default\",\"image_svg_color\":\"emphasis\",\"image\":\"wp-content\\\/uploads\\\/2022\\\/12\\\/SVG191222-ZeroIdee.svg\",\"class\":\"chiSiamoCustomSVGSingleTitle\"}}]}],\"props\":{\"class\":\"\"}}],\"name\":\"TITOLO PRINCIPALE\"},{\"type\":\"section\",\"props\":{\"style\":\"default\",\"width\":\"expand\",\"vertical_align\":\"middle\",\"title_position\":\"top-left\",\"title_rotation\":\"left\",\"title_breakpoint\":\"xl\",\"image_position\":\"center-center\",\"class\":\"bg252525 pt10px pb10px\",\"padding\":\"small\"},\"children\":[{\"type\":\"row\",\"children\":[{\"type\":\"column\",\"props\":{\"position_sticky_breakpoint\":\"m\",\"image_position\":\"center-center\",\"media_overlay_gradient\":\"\"},\"children\":[{\"type\":\"headline\",\"props\":{\"title_element\":\"h1\",\"content\":\"\n\n<p style=\\\"font-weight: 400;line-height:45px;letter-spacing:-1px;margin:0;padding:0;\\\"> Zeroidee si occupa di ricerca artistica, sviluppo di contenuti, format creativi, installazioni e produzioni multimediali. Zeroidee \\u00e8 un\\u2019associazione di promozione sociale che connette artisti\\\/artiste, autori\\\/autrici, professionisti\\\/professioniste dei nuovi media.<\\\/p>\",\"margin\":\"remove-vertical\",\"class\":\"colF5F1E1\",\"content_en_us\":\"Le(Serre is a container, lorem ipsum.<br \/>\\nThey are Zeroidee, puntoZero, Altrememorie and Soluzioni.\",\"visibility\":\"s\",\"content_en_gb\":\"\n\n<p style=\\\"font-weight: 400;line-height:45px;letter-spacing:-1px;margin:0;padding:0;\\\">Zeroidee is an association for social development and support that connects artists, authors and new media professionals. Zeroidee undertakes artistic research, content development, creative formats, installations and multimedia productions.<\\\/p>\"}},{\"type\":\"headline\",\"props\":{\"title_element\":\"h3\",\"content\":\"\n\n<p style=\\\"font-weight: 400;line-height:35px;letter-spacing:-1px;margin:0;padding:0;\\\" class=\\\"fontBold\\\">Zeroidee \\u00e8 un\\u2019associazione di promozione sociale che connette artisti\\\/artiste, autori\\\/autrici, professionisti\\\/professioniste dei nuovi media. Zeroidee si occupa di ricerca artistica, sviluppo di contenuti, format creativi, installazioni e produzioni multimediali.<\\\/p>\",\"margin\":\"remove-vertical\",\"class\":\"colF5F1E1\",\"content_en_us\":\"Le(Serre is a container, lorem ipsum.<br \/>\\nThey are Zeroidee, puntoZero, Altrememorie and Soluzioni.\",\"visibility\":\"hidden-s\",\"content_en_gb\":\"\n\n<p style=\\\"font-weight: 400;line-height:35px;letter-spacing:-1px;margin:0;padding:0;\\\" class=\\\"fontBold\\\">Zeroidee is an association for social development and support that connects artists, authors and new media professionals. Zeroidee undertakes artistic research, content development, creative formats, installations and multimedia productions.<\\\/p>\"}}]}]}],\"name\":\"DESCRIZIONE\"},{\"type\":\"section\",\"props\":{\"style\":\"default\",\"width\":\"\",\"vertical_align\":\"middle\",\"title_position\":\"top-left\",\"title_rotation\":\"left\",\"title_breakpoint\":\"xl\",\"image_position\":\"center-center\",\"padding\":\"none\"},\"children\":[{\"type\":\"row\",\"children\":[{\"type\":\"column\",\"props\":{\"position_sticky_breakpoint\":\"m\",\"image_position\":\"center-center\",\"media_overlay_gradient\":\"\"},\"children\":[{\"type\":\"image\",\"props\":{\"margin\":\"default\",\"image_svg_color\":\"emphasis\",\"class\":\"wp100\",\"image\":\"wp-content\\\/uploads\\\/2024\\\/09\\\/banner_zeroidee-scaled.jpg\"}}]}]}],\"name\":\"BANNER IMMAGINE\"},{\"type\":\"section\",\"props\":{\"style\":\"default\",\"width\":\"expand\",\"vertical_align\":\"middle\",\"title_position\":\"top-left\",\"title_rotation\":\"left\",\"title_breakpoint\":\"xl\",\"image_position\":\"center-center\",\"class\":\"bgF5F1E1 pt10px pb50px\",\"padding\":\"small\"},\"children\":[{\"type\":\"row\",\"children\":[{\"type\":\"column\",\"props\":{\"position_sticky_breakpoint\":\"m\",\"image_position\":\"center-center\",\"media_overlay_gradient\":\"\"},\"children\":[{\"type\":\"headline\",\"props\":{\"title_element\":\"h2\",\"content\":\"Progetti\",\"margin\":\"medium\",\"class\":\"fontWe500 col000000\",\"content_en_us\":\"Le(Serre is a container, lorem ipsum.<br \/>\\nThey are Zeroidee, puntoZero, Altrememorie and Soluzioni.\",\"margin_remove_top\":true,\"visibility\":\"s\",\"content_en_gb\":\"Projects\"}},{\"type\":\"headline\",\"props\":{\"title_element\":\"h3\",\"content\":\"Progetti\",\"margin\":\"medium\",\"class\":\"fontWe500 col000000\",\"content_en_us\":\"Le(Serre is a container, lorem ipsum.<br \/>\\nThey are Zeroidee, puntoZero, Altrememorie and Soluzioni.\",\"margin_remove_top\":true,\"visibility\":\"hidden-s\",\"content_en_gb\":\"Projects\"}},{\"type\":\"html\",\"props\":{\"content\":\"[mifune_filter_tipology]\\n[mifune_filter_articles oty=\\\"13\\\"]\",\"class\":\"col000000\"}}]}]}],\"name\":\"GRIGLIA PROGETTI\"},{\"type\":\"section\",\"props\":{\"style\":\"default\",\"width\":\"expand\",\"vertical_align\":\"middle\",\"title_position\":\"top-left\",\"title_rotation\":\"left\",\"title_breakpoint\":\"xl\",\"image_position\":\"center-center\",\"class\":\" pt10px pb10px\",\"padding\":\"small\",\"padding_remove_top\":false},\"children\":[{\"type\":\"row\",\"children\":[{\"type\":\"column\",\"props\":{\"position_sticky_breakpoint\":\"m\",\"image_position\":\"center-center\",\"media_overlay_gradient\":\"\"},\"children\":[{\"type\":\"html\",\"props\":{\"content\":\"[webdev_fouralign_title]\",\"class\":\"chiSiamoSocietyList col000000\"}}]}],\"props\":{\"class\":\"mtReset mbReset ptReset pbReset\"}}],\"name\":\"VAI AI PROGETTI ...\"},{\"type\":\"section\",\"props\":{\"style\":\"default\",\"width\":\"expand\",\"vertical_align\":\"middle\",\"title_position\":\"top-left\",\"title_rotation\":\"left\",\"title_breakpoint\":\"xl\",\"image_position\":\"center-center\",\"class\":\"bgE4B856 col000000 ptReset pbReset\"},\"children\":[{\"type\":\"row\",\"props\":{\"layout\":\"1-5,1-5,1-5,1-5,1-5|1-2,1-2,1-3,1-3,1-3\",\"row_gap\":\"collapse\",\"column_gap\":\"collapse\",\"margin\":\"remove-vertical\",\"class\":\"col000000 pt10px pb10px\"},\"children\":[{\"type\":\"column\",\"props\":{\"position_sticky_breakpoint\":\"m\",\"image_position\":\"center-center\",\"media_overlay_gradient\":\"\",\"width_medium\":\"1-5\",\"width_small\":\"1-2\",\"class\":\"mtReset mbReset ptReset pbReset cls10pc \"},\"children\":[{\"type\":\"text\",\"props\":{\"margin\":\"remove-vertical\",\"column_breakpoint\":\"m\",\"content\":\"\n\n<p style=\\\"margin:0;padding:0;line-height:17px;letter-spacing:-0.2;font-size:13px;\\\">Zeroidee A.P.S.<br \/>C.F. 94150160300<\\\/p>\",\"class\":\"\",\"content_en_gb\":\"\n\n<p style=\\\"margin:0;padding:0;line-height:17px;letter-spacing:-0.2;font-size:13px;\\\">Zeroidee A.P.S.<br \/>Tax code: 94150160300<\\\/p>\"}}]},{\"type\":\"column\",\"props\":{\"position_sticky_breakpoint\":\"m\",\"image_position\":\"center-center\",\"media_overlay_gradient\":\"\",\"width_medium\":\"1-5\",\"width_small\":\"1-2\",\"class\":\"mtReset mbReset ptReset pbReset cls30pc clsPTmob\"},\"children\":[{\"type\":\"text\",\"props\":{\"margin\":\"remove-vertical\",\"column_breakpoint\":\"m\",\"content\":\"\n\n<p style=\\\"margin:0;padding:0;line-height:17px;letter-spacing:-0.2;font-size:13px;\\\">Sede legale: Strada delle Betulle 21\\\/12,<br \/>Campoformido, Udine<\\\/p>\",\"class\":\"\",\"content_en_gb\":\"\n\n<p style=\\\"margin: 0; padding: 0; line-height: 17px; letter-spacing: -0.2; font-size: 13px;\\\">Registered office: Strada delle Betulle 21\\\/12, <br \\\/>Campoformido, Udine<\\\/p>\"}}]},{\"type\":\"column\",\"props\":{\"position_sticky_breakpoint\":\"m\",\"image_position\":\"center-center\",\"media_overlay_gradient\":\"\",\"width_medium\":\"1-5\",\"width_small\":\"1-2\",\"class\":\"mtReset mbReset ptReset pbReset clsPTtab\"},\"children\":[{\"type\":\"text\",\"props\":{\"margin\":\"default\",\"column_breakpoint\":\"m\",\"content\":\"\n\n<p style=\\\"margin:0;padding:0;line-height:17px;letter-spacing:-0.2;font-size:13px;\\\">info@zeroidee.com<br \/>amministrazione@zeroidee.com<\\\/p>\"}}]},{\"type\":\"column\",\"props\":{\"position_sticky_breakpoint\":\"m\",\"image_position\":\"center-center\",\"media_overlay_gradient\":\"\",\"width_medium\":\"1-5\",\"width_small\":\"1-2\",\"class\":\"mtReset mbReset ptReset pbReset cls10pc clsPTtab\"},\"children\":[{\"type\":\"html\",\"props\":{\"content\":\"<!-- TRASPARENZA ### BUTTON -->\\n<\/p>\n<p style=\\\"margin: 0; padding: 0; line-height: 17px; letter-spacing: -0.2; font-size: 13px;\\\"><a href=\\\"#t\\\" style=\\\"color: #000;\\\" id=\\\"webdev-trasparency-button\\\">Trasparenza<\\\/a><\\\/p>\\n<!-- TRASPARENZA ### MODALS -->\\n<\/p>\n<div id=\\\"webdev-trasparency-modal\\\" class=\\\"wdtms-zeroidee d-none\\\">\\n    <\/p>\n<h4>Trasparenza<\\\/h4>\\n    <\/p>\n<div><!--Le informazioni relative alla trasparenza di <b>Zeroidee<\\\/b> non sono disponibili in questo momento.<br \/>--><a href=\\\"https:\\\/\\\/leserre.co\\\/wp-content\\\/uploads\\\/2024\\\/09\\\/ZE-Trasparenza2023.pdf\\\" target=\\\"_blank\\\">>> Zeroidee &#8211; Trasparenza 2023<\\\/a>\\n\\t<a href=\\\"#t\\\" id=\\\"webdev-trasparency-close\\\" class=\\\"close\\\">Chiudi<\\\/a><\\\/div>\\n<\\\/div>\\n<!-- TRASPARENZA ### SCRIPTS -->\\n<script>\\njQuery('#webdev-trasparency-button').click(function(){ jQuery('#webdev-trasparency-modal').toggleClass('d-none'); });\\njQuery('#webdev-trasparency-close').click(function(){ jQuery('#webdev-trasparency-modal').toggleClass('d-none'); });\\n<\\\/script>\"},\"name\":\"Webdev Modals \\\"Trasparenza\\\" by Alex Duca\"}]},{\"type\":\"column\",\"props\":{\"position_sticky_breakpoint\":\"m\",\"image_position\":\"center-center\",\"media_overlay_gradient\":\"\",\"width_medium\":\"1-5\",\"width_small\":\"1-1\",\"class\":\"mtReset mbReset ptReset pbReset cls10pc\"},\"children\":[]}]}],\"name\":\"FOOTER CONTATTI\"}],\"version\":\"2.7.21\"} --><\/p>\n","protected":false},"excerpt":{"rendered":"<p>Zeroidee si occupa di ricerca artistica, sviluppo di contenuti, format creativi, installazioni e produzioni multimediali. Zeroidee \u00e8 un\u2019associazione di promozione sociale che connette artisti\/artiste, autori\/autrici, professionisti\/professioniste dei nuovi media. Zeroidee \u00e8 un\u2019associazione di promozione sociale che connette artisti\/artiste, autori\/autrici, professionisti\/professioniste dei nuovi media. Zeroidee si occupa di ricerca artistica, sviluppo di contenuti, format creativi, installazioni [&hellip;]<\/p>\n","protected":false},"author":1,"featured_media":0,"parent":0,"menu_order":0,"comment_status":"closed","ping_status":"closed","template":"","meta":[],"acf":[],"_links":{"self":[{"href":"https:\/\/cooperativapuntozero.it\/wp-json\/wp\/v2\/pages\/1686"}],"collection":[{"href":"https:\/\/cooperativapuntozero.it\/wp-json\/wp\/v2\/pages"}],"about":[{"href":"https:\/\/cooperativapuntozero.it\/wp-json\/wp\/v2\/types\/page"}],"author":[{"embeddable":true,"href":"https:\/\/cooperativapuntozero.it\/wp-json\/wp\/v2\/users\/1"}],"replies":[{"embeddable":true,"href":"https:\/\/cooperativapuntozero.it\/wp-json\/wp\/v2\/comments?post=1686"}],"version-history":[{"count":117,"href":"https:\/\/cooperativapuntozero.it\/wp-json\/wp\/v2\/pages\/1686\/revisions"}],"predecessor-version":[{"id":3974,"href":"https:\/\/cooperativapuntozero.it\/wp-json\/wp\/v2\/pages\/1686\/revisions\/3974"}],"wp:attachment":[{"href":"https:\/\/cooperativapuntozero.it\/wp-json\/wp\/v2\/media?parent=1686"}],"curies":[{"name":"wp","href":"https:\/\/api.w.org\/{rel}","templated":true}]}}